{"id":7163,"date":"2022-10-05T09:40:33","date_gmt":"2022-10-05T07:40:33","guid":{"rendered":"https:\/\/eduvic.coop\/?page_id=7163"},"modified":"2022-10-10T10:40:02","modified_gmt":"2022-10-10T08:40:02","slug":"landing-trauma","status":"publish","type":"page","link":"https:\/\/eduvic.coop\/es\/landing-trauma\/","title":{"rendered":"Landing Trauma"},"content":{"rendered":"<div class=\"wpb-content-wrapper\"><p>[vc_row][vc_column]\n\t\t\t\t<p class=\"rs-p-wp-fix\"><\/p>\n\t\t\t\t<sr7-module data-alias=\"banner-home\" data-id=\"1\" id=\"SR7_1_1\" class=\"rs-ov-hidden\" data-version=\"6.7.54\">\n\t\t\t\t\t<sr7-adjuster><\/sr7-adjuster>\n\t\t\t\t\t<sr7-content>\n\t\t\t\t\t\t<sr7-slide id=\"SR7_1_1-1\" data-key=\"1\">\n\t\t\t\t\t\t\t<sr7-txt id=\"SR7_1_1-1-2\" class=\"sr7-layer\">Salut mental<\/sr7-txt>\n\t\t\t\t\t\t<\/sr7-slide>\n\t\t\t\t\t\t<sr7-slide id=\"SR7_1_1-3\" data-key=\"3\">\n\t\t\t\t\t\t\t<sr7-txt id=\"SR7_1_1-3-0\" class=\"sr7-layer\">Cooperativisme<\/sr7-txt>\n\t\t\t\t\t\t<\/sr7-slide>\n\t\t\t\t\t\t<sr7-slide id=\"SR7_1_1-4\" data-key=\"4\">\n\t\t\t\t\t\t\t<sr7-txt id=\"SR7_1_1-4-1\" class=\"sr7-layer\">Crian\u00e7a positiva<\/sr7-txt>\n\t\t\t\t\t\t<\/sr7-slide>\n\t\t\t\t\t\t<sr7-slide id=\"SR7_1_1-5\" data-key=\"5\">\n\t\t\t\t\t\t\t<sr7-txt id=\"SR7_1_1-5-3\" class=\"sr7-layer\">Gesti\u00f3 comunit\u00e0ria<\/sr7-txt>\n\t\t\t\t\t\t<\/sr7-slide>\n\t\t\t\t\t\t<sr7-slide id=\"SR7_1_1-2\" data-key=\"2\">\n\t\t\t\t\t\t<\/sr7-slide>\n\t\t\t\t\t<\/sr7-content>\n\t\t\t\t<\/sr7-module>\n\t\t\t\t<script>\n\t\t\t\t\twindow.SR7 ??={};SR7.PMH ??={}; SR7.PMH[\"SR7_1_1\"] = {cn:100,state:false,fn: function() { if (window._tpt!==undefined && window._tpt.prepareModuleHeight !== undefined) {  _tpt.prepareModuleHeight({id:\"SR7_1_1\",el:[600,600,600,500,400],type:'standard',shdw:'0',gh:[600,600,600,500,400],gw:[1240,1240,1024,778,480],vpt:['-200px&#039;,&#039;-200px&#039;,&#039;-200px&#039;,&#039;-200px&#039;,&#039;-200px'],size:{fullWidth:true, fullHeight:false},mh:'0',onh:0,onw:0,bg:{color:'{\"orig\":\"transparent\",\"type\":\"solid\",\"string\":\"transparent\"}'}});   SR7.PMH[\"SR7_1_1\"].state=true;} else if(SR7.PMH[\"SR7_1_1\"].cn-->0)\tsetTimeout( SR7.PMH[\"SR7_1_1\"].fn,19);}};SR7.PMH[\"SR7_1_1\" ].fn();\n\t\t\t\t<\/script>\n[\/vc_column][\/vc_row][vc_section][vc_row full_width=&#8221;stretch_row_content&#8221; css=&#8221;.vc_custom_1664970756561{padding-top: 100px !important;padding-bottom: 100px !important;}&#8221;][vc_column][vc_raw_html]JTVCaHVycnl0aW1lciUyMGlkJTNEJTIyNzIxMCUyMiU1RA==[\/vc_raw_html][\/vc_column][\/vc_row][vc_row gap=&#8221;30&#8243; equal_height=&#8221;yes&#8221;][vc_column width=&#8221;1\/2&#8243;][vc_column_text]\u00bfQuieres profundizar y entender c\u00f3mo tus experiencias dolorosas han condicionado tu forma de relacionarte el d\u00eda de hoy? \u00bfTe has preguntado alguna vez por qu\u00e9 hay gente que no recuerda su infancia y otros recuerdan minuciosamente todos los detalles? \u00bfQuieres adquirir herramientas para el abordaje del trauma?<\/p>\n<p>Desde la Escola Itinere y el Psicoterapia &amp; Trauma Institute te invitamos a participar de las Jornadas Te\u00f3rico-Pr\u00e1cticas &#8220;Estrategias y t\u00e9cnicas para abordar el trauma en contextos terap\u00e9uticos, sociales y educativos&#8221;, en la que se han organizado diversas conferencias, un simposio y talleres participativos, todo ello con la intenci\u00f3n de compartir herramientas para abordar el trauma en el \u00e1mbito individual, familiar y comunitario, tambi\u00e9n desde el Neurofeedback y la Terapia Familiar Sist\u00e9mica.<\/p>\n<p>Si te interesa el trauma en todas sus vertientes y quieres enriquecer tu pr\u00e1ctica profesional profundizando en este tema, esta jornada es para ti.[\/vc_column_text][\/vc_column][vc_column width=&#8221;1\/2&#8243;][vc_single_image image=&#8221;7168&#8243; img_size=&#8221;large&#8221;][\/vc_column][\/vc_row][\/vc_section][vc_section full_width=&#8221;stretch_row&#8221; el_class=&#8221;section-trauma mod-1&#8243;][vc_row full_width=&#8221;stretch_row_content&#8221;][vc_column css_animation=&#8221;fadeInLeftBig&#8221; width=&#8221;1\/2&#8243; el_class=&#8221;bloc-data&#8221;][vc_column_text el_class=&#8221;destacat-data&#8221;]<\/p>\n<h2 style=\"text-align: center;\">JUEVES 17 DE NOVIEMBRE<\/h2>\n<h4 style=\"text-align: center;\">16:00h &#8211; 20:00h<\/h4>\n<p>[\/vc_column_text][\/vc_column][vc_column width=&#8221;1\/2&#8243;][vc_single_image image=&#8221;7182&#8243; alignment=&#8221;center&#8221;][\/vc_column][\/vc_row][vc_row gap=&#8221;35&#8243; equal_height=&#8221;yes&#8221; el_class=&#8221;programa&#8221;][vc_column width=&#8221;1\/2&#8243;][vc_row_inner equal_height=&#8221;yes&#8221;][vc_column_inner width=&#8221;1\/4&#8243;][vc_column_text css_animation=&#8221;fadeInUp&#8221; el_class=&#8221;horari&#8221;]<\/p>\n<p style=\"text-align: center;\">16:00 &#8211; 16:15<\/p>\n<p>[\/vc_column_text][\/vc_column_inner][vc_column_inner width=&#8221;3\/4&#8243;][vc_column_text]<\/p>\n<h4>INAUGURACI\u00d3N Y PRESENTACI\u00d3N<\/h4>\n<h5>ESTER CABANES<\/h5>\n<p>Psicoterapeuta experta en traumaterapia y directora general de la DGAIA (Direcci\u00f3n General de Atenci\u00f3n a la Infancia y Adolescencia de la Generalitat de Catalu\u00f1a).<\/p>\n<h5>ADELA CAM\u00cd<\/h5>\n<p>Psicoterapeuta familiar y de pareja. Especializada en Brainspotting y reprocesamiento del trauma.[\/vc_column_text][\/vc_column_inner][\/vc_row_inner][vc_row_inner equal_height=&#8221;yes&#8221;][vc_column_inner width=&#8221;1\/4&#8243;][vc_column_text css_animation=&#8221;fadeInUp&#8221; el_class=&#8221;horari&#8221;]<\/p>\n<p style=\"text-align: center;\">16:15 &#8211; 18:15<\/p>\n<p>[\/vc_column_text][\/vc_column_inner][vc_column_inner width=&#8221;3\/4&#8243;][vc_column_text]<\/p>\n<h4>ANIA JUSTO<\/h4>\n<p>El trabajo con trauma desde el funcionamiento mental interno.[\/vc_column_text][\/vc_column_inner][\/vc_row_inner][\/vc_column][vc_column width=&#8221;1\/2&#8243;][vc_row_inner equal_height=&#8221;yes&#8221;][vc_column_inner width=&#8221;1\/4&#8243;][vc_column_text css_animation=&#8221;fadeInUp&#8221; el_class=&#8221;horari&#8221;]<\/p>\n<p style=\"text-align: center;\">18:15 &#8211; 18:45<\/p>\n<p>[\/vc_column_text][\/vc_column_inner][vc_column_inner width=&#8221;3\/4&#8243;][vc_column_text]<\/p>\n<h4>DESCANSO<\/h4>\n<p>[\/vc_column_text][\/vc_column_inner][\/vc_row_inner][vc_row_inner equal_height=&#8221;yes&#8221;][vc_column_inner width=&#8221;1\/4&#8243;][vc_column_text css_animation=&#8221;fadeInUp&#8221; el_class=&#8221;horari&#8221;]<\/p>\n<p style=\"text-align: center;\">18:45 &#8211; 20:00<\/p>\n<p>[\/vc_column_text][\/vc_column_inner][vc_column_inner width=&#8221;3\/4&#8243;][vc_column_text]<\/p>\n<h4>TALLERES<\/h4>\n<h5>SARA ESCUDERO<\/h5>\n<p>El abordaje del trauma desde el trabajo de partes.<\/p>\n<h5>ANIA JUSTO Y LU\u00cdS PULGAR<\/h5>\n<p>Estrategias de negociaci\u00f3n para usuarios\/as que presentan resistencias al tratamiento\/intervenci\u00f3n.[\/vc_column_text][\/vc_column_inner][\/vc_row_inner][\/vc_column][\/vc_row][vc_row full_width=&#8221;stretch_row&#8221; equal_height=&#8221;yes&#8221; css_animation=&#8221;none&#8221; css=&#8221;.vc_custom_1665130310019{background-position: center !important;background-repeat: no-repeat !important;background-size: cover !important;}&#8221; el_class=&#8221;banner-imatges&#8221;][vc_column width=&#8221;1\/4&#8243;][vc_single_image image=&#8221;7261&#8243; img_size=&#8221;large&#8221; alignment=&#8221;center&#8221; el_class=&#8221;sg-popup-id-7293 img-oponent&#8221;][\/vc_column][vc_column width=&#8221;1\/4&#8243;][vc_single_image image=&#8221;7267&#8243; img_size=&#8221;large&#8221; alignment=&#8221;center&#8221; el_class=&#8221;sg-popup-id-7284 img-oponent&#8221;][\/vc_column][vc_column width=&#8221;1\/4&#8243;][vc_single_image image=&#8221;7263&#8243; img_size=&#8221;large&#8221; alignment=&#8221;center&#8221; el_class=&#8221;sg-popup-id-7278 img-oponent&#8221;][\/vc_column][vc_column width=&#8221;1\/4&#8243;][vc_single_image image=&#8221;7265&#8243; img_size=&#8221;large&#8221; alignment=&#8221;center&#8221; el_class=&#8221;sg-popup-id-7286 img-oponent&#8221;][\/vc_column][\/vc_row][vc_row full_width=&#8221;stretch_row&#8221; equal_height=&#8221;yes&#8221; css_animation=&#8221;fadeIn&#8221; css=&#8221;.vc_custom_1665130318378{background-position: center !important;background-repeat: no-repeat !important;background-size: cover !important;}&#8221; el_class=&#8221;banner-imatges&#8221;][vc_column width=&#8221;1\/4&#8243;][vc_single_image image=&#8221;7269&#8243; img_size=&#8221;large&#8221; alignment=&#8221;center&#8221; el_class=&#8221;sg-popup-id-7283 img-oponent&#8221;][\/vc_column][vc_column width=&#8221;1\/4&#8243;][vc_single_image image=&#8221;7259&#8243; img_size=&#8221;large&#8221; alignment=&#8221;center&#8221; el_class=&#8221;sg-popup-id-7287 img-oponent&#8221;][\/vc_column][vc_column width=&#8221;1\/4&#8243;][vc_single_image image=&#8221;7271&#8243; img_size=&#8221;large&#8221; alignment=&#8221;center&#8221; el_class=&#8221;sg-popup-id-7291 img-oponent&#8221;][\/vc_column][vc_column width=&#8221;1\/4&#8243;][vc_single_image image=&#8221;7273&#8243; img_size=&#8221;large&#8221; alignment=&#8221;center&#8221; el_class=&#8221;sg-popup-id-7280 img-oponent&#8221;][\/vc_column][\/vc_row][\/vc_section][vc_section full_width=&#8221;stretch_row&#8221; css_animation=&#8221;none&#8221; disable_element=&#8221;yes&#8221; el_class=&#8221;section-trauma&#8221; css=&#8221;.vc_custom_1665053121749{background-image: url(https:\/\/eduvic.dev.madsys.com\/families\/wp-content\/uploads\/2022\/10\/circulo-03.png?id=2104) !important;background-position: 0 0 !important;background-repeat: no-repeat !important;}&#8221; el_id=&#8221;section2&#8243;][vc_row full_width=&#8221;stretch_row_content&#8221;][vc_column css_animation=&#8221;fadeInLeftBig&#8221; width=&#8221;1\/2&#8243; el_class=&#8221;bloc-data&#8221;][vc_column_text el_class=&#8221;destacat-data&#8221;]<\/p>\n<h2 style=\"text-align: center;\">VIERNES 18 DE NOVIEMBRE<\/h2>\n<h4 style=\"text-align: center;\">10:00h &#8211; 20:00h<\/h4>\n<p>[\/vc_column_text][\/vc_column][vc_column width=&#8221;1\/2&#8243;][\/vc_column][\/vc_row][vc_row gap=&#8221;35&#8243; equal_height=&#8221;yes&#8221;][vc_column width=&#8221;1\/2&#8243;][vc_row_inner equal_height=&#8221;yes&#8221;][vc_column_inner width=&#8221;1\/4&#8243;][vc_column_text css_animation=&#8221;fadeInUp&#8221; el_class=&#8221;horari&#8221;]<\/p>\n<p style=\"text-align: center;\">10:00 &#8211; 10:55<\/p>\n<p>[\/vc_column_text][\/vc_column_inner][vc_column_inner width=&#8221;3\/4&#8243;][vc_column_text]<\/p>\n<h4>MANUEL LLOREN\u00c7<\/h4>\n<p>La perspectiva cl\u00ednico-comunitaria en la atenci\u00f3n del trauma.[\/vc_column_text][\/vc_column_inner][\/vc_row_inner][vc_row_inner equal_height=&#8221;yes&#8221;][vc_column_inner width=&#8221;1\/4&#8243;][vc_column_text css_animation=&#8221;fadeInUp&#8221; el_class=&#8221;horari&#8221;]<\/p>\n<p style=\"text-align: center;\">10:55 &#8211; 11:15<\/p>\n<p>[\/vc_column_text][\/vc_column_inner][vc_column_inner width=&#8221;3\/4&#8243;][vc_column_text]<\/p>\n<h4>PREGUNTAS<\/h4>\n<p>[\/vc_column_text][\/vc_column_inner][\/vc_row_inner][vc_row_inner equal_height=&#8221;yes&#8221;][vc_column_inner width=&#8221;1\/4&#8243;][vc_column_text css_animation=&#8221;fadeInUp&#8221; el_class=&#8221;horari&#8221;]<\/p>\n<p style=\"text-align: center;\">11:20 &#8211; 12:05<\/p>\n<p>[\/vc_column_text][\/vc_column_inner][vc_column_inner width=&#8221;3\/4&#8243;][vc_column_text]<\/p>\n<h4>LU\u00cdS PULGAR Y ADELA CAM\u00cd<\/h4>\n<p>Comprensi\u00f3n del trauma en el contexto familiar y t\u00e9cnicas para su abordaje en familia: &#8220;D\u00f3nde est\u00e1 la herida tambi\u00e9n est\u00e1 la curaci\u00f3n: las ra\u00edces y las expresiones relacionales del trauma en la familia&#8221;.[\/vc_column_text][\/vc_column_inner][\/vc_row_inner][vc_row_inner equal_height=&#8221;yes&#8221;][vc_column_inner width=&#8221;1\/4&#8243;][vc_column_text css_animation=&#8221;fadeInUp&#8221; el_class=&#8221;horari&#8221;]<\/p>\n<p style=\"text-align: center;\">12:05 &#8211; 12:20<\/p>\n<p>[\/vc_column_text][\/vc_column_inner][vc_column_inner width=&#8221;3\/4&#8243;][vc_column_text]<\/p>\n<h4>PREGUNTAS<\/h4>\n<p>[\/vc_column_text][\/vc_column_inner][\/vc_row_inner][vc_row_inner equal_height=&#8221;yes&#8221;][vc_column_inner width=&#8221;1\/4&#8243;][vc_column_text css_animation=&#8221;fadeInUp&#8221; el_class=&#8221;horari&#8221;]<\/p>\n<p style=\"text-align: center;\">12:20 &#8211; 12:40<\/p>\n<p>[\/vc_column_text][\/vc_column_inner][vc_column_inner width=&#8221;3\/4&#8243;][vc_column_text]<\/p>\n<h4>DESCANSO<\/h4>\n<p>[\/vc_column_text][\/vc_column_inner][\/vc_row_inner][vc_row_inner][vc_column_inner width=&#8221;1\/4&#8243;][vc_column_text css_animation=&#8221;fadeInUp&#8221; el_class=&#8221;horari&#8221;]<\/p>\n<p style=\"text-align: center;\">12:45 &#8211; 14:00<\/p>\n<p>[\/vc_column_text][\/vc_column_inner][vc_column_inner width=&#8221;3\/4&#8243;][vc_column_text]<\/p>\n<h4>TALLERES<\/h4>\n<h5>ANA HERN\u00c1NDEZ<\/h5>\n<p>Construyendo un nuevo equilibrio familiar a partir de la comprensi\u00f3n del trauma. Cuando un cambio de mirada implica un cambio en la relaci\u00f3n familiar.<\/p>\n<h5>MANUEL LLOREN\u00c7<\/h5>\n<p>Aportes para la intervenci\u00f3n del trauma en la comunidad.[\/vc_column_text][\/vc_column_inner][\/vc_row_inner][vc_row_inner equal_height=&#8221;yes&#8221;][vc_column_inner width=&#8221;1\/4&#8243;][vc_column_text css_animation=&#8221;fadeInUp&#8221; el_class=&#8221;horari&#8221;]<\/p>\n<p style=\"text-align: center;\">16:00 &#8211; 17:30<\/p>\n<p>[\/vc_column_text][\/vc_column_inner][vc_column_inner width=&#8221;3\/4&#8243;][vc_column_text]<\/p>\n<h4>ANIA JUSTO, LU\u00cdS PULGAR, MANUEL LLOREN\u00c7 Y ADELA CAM\u00cd<\/h4>\n<p>Supervisi\u00f3n \u201ccoral\u201d integradora del abordaje de un caso desde las tres dimensiones.[\/vc_column_text][\/vc_column_inner][\/vc_row_inner][vc_row_inner equal_height=&#8221;yes&#8221;][vc_column_inner width=&#8221;1\/4&#8243;][vc_column_text css_animation=&#8221;fadeInUp&#8221; el_class=&#8221;horari&#8221;]<\/p>\n<p style=\"text-align: center;\">17:30 &#8211; 18:30<\/p>\n<p>[\/vc_column_text][\/vc_column_inner][vc_column_inner width=&#8221;3\/4&#8243;][vc_column_text]<\/p>\n<h4>JAVIER LOYO, ENRIC G\u00d3MEZ, MARC PERALES Y ALBA HERRERA<\/h4>\n<p>Simposio sobre el trabajo en red: \u201cTejiendo una red de atenci\u00f3n psico-socio-educativa sensibilizada con la incidencia de los elementos sist\u00e9micos y traum\u00e1ticos de las personas y las familias\u201d.[\/vc_column_text][\/vc_column_inner][\/vc_row_inner][vc_row_inner equal_height=&#8221;yes&#8221;][vc_column_inner width=&#8221;1\/4&#8243;][vc_column_text css_animation=&#8221;fadeInUp&#8221; el_class=&#8221;horari&#8221;]<\/p>\n<p style=\"text-align: center;\">18:30 &#8211; 19:00<\/p>\n<p>[\/vc_column_text][\/vc_column_inner][vc_column_inner width=&#8221;3\/4&#8243;][vc_column_text]<\/p>\n<h4>PREGUNTAS<\/h4>\n<p>[\/vc_column_text][\/vc_column_inner][\/vc_row_inner][vc_row_inner equal_height=&#8221;yes&#8221;][vc_column_inner width=&#8221;1\/4&#8243;][vc_column_text css_animation=&#8221;fadeInUp&#8221; el_class=&#8221;horari&#8221;]<\/p>\n<p style=\"text-align: center;\">19:00 &#8211; 19:45<\/p>\n<p>[\/vc_column_text][\/vc_column_inner][vc_column_inner width=&#8221;3\/4&#8243;][vc_column_text]<\/p>\n<h4>ENTREVISTA<\/h4>\n<p>El trabajo con trauma desde el funcionamiento mental interno.[\/vc_column_text][\/vc_column_inner][\/vc_row_inner][vc_row_inner equal_height=&#8221;yes&#8221;][vc_column_inner width=&#8221;1\/4&#8243;][vc_column_text css_animation=&#8221;fadeInUp&#8221; el_class=&#8221;horari&#8221;]<\/p>\n<p style=\"text-align: center;\">19:45 &#8211; 20:00<\/p>\n<p>[\/vc_column_text][\/vc_column_inner][vc_column_inner width=&#8221;3\/4&#8243;][vc_column_text]<\/p>\n<h4>CIERRE<\/h4>\n<p>[\/vc_column_text][\/vc_column_inner][\/vc_row_inner][\/vc_column][vc_column width=&#8221;1\/2&#8243;][vc_row_inner equal_height=&#8221;yes&#8221; disable_element=&#8221;yes&#8221;][vc_column_inner][vc_empty_space height=&#8221;150px&#8221;][\/vc_column_inner][\/vc_row_inner][vc_row_inner disable_element=&#8221;yes&#8221;][vc_column_inner][vc_gallery interval=&#8221;5&#8243; images=&#8221;7168,7170,7178,7180&#8243; img_size=&#8221;large&#8221; onclick=&#8221;&#8221; css_animation=&#8221;fadeIn&#8221;][\/vc_column_inner][\/vc_row_inner][vc_row_inner][vc_column_inner]<div class=\"ult-content-box-container content-images\" >\t\t<div class=\"ult-content-box\" style=\"box-shadow: px px px px none;-webkit-transition: all 700ms ease;-moz-transition: all 700ms ease;-ms-transition: all 700ms ease;-o-transition: all 700ms ease;transition: all 700ms ease;\"  data-hover_box_shadow=\"none\"    >[vc_single_image image=&#8221;7168&#8243; img_size=&#8221;medium&#8221; alignment=&#8221;center&#8221; css_animation=&#8221;fadeInUp&#8221; el_class=&#8221;img-trauma&#8221;][vc_single_image image=&#8221;7178&#8243; img_size=&#8221;medium&#8221; alignment=&#8221;center&#8221; css_animation=&#8221;fadeInUp&#8221; el_class=&#8221;img-trauma&#8221;][vc_single_image image=&#8221;7170&#8243; img_size=&#8221;medium&#8221; alignment=&#8221;center&#8221; css_animation=&#8221;fadeInUp&#8221; el_class=&#8221;img-trauma&#8221;][vc_single_image image=&#8221;7180&#8243; img_size=&#8221;medium&#8221; alignment=&#8221;center&#8221; css_animation=&#8221;fadeInUp&#8221; el_class=&#8221;img-trauma&#8221;][vc_single_image image=&#8221;7174&#8243; img_size=&#8221;medium&#8221; alignment=&#8221;center&#8221; css_animation=&#8221;fadeInUp&#8221; el_class=&#8221;img-trauma&#8221;][vc_single_image image=&#8221;7176&#8243; img_size=&#8221;medium&#8221; alignment=&#8221;center&#8221; css_animation=&#8221;fadeInUp&#8221; el_class=&#8221;img-trauma&#8221;]\t\t<\/div><\/div>[\/vc_column_inner][\/vc_row_inner][\/vc_column][\/vc_row][vc_row full_width=&#8221;stretch_row&#8221; css_animation=&#8221;fadeIn&#8221; css=&#8221;.vc_custom_1664956022418{background-image: url(https:\/\/eduvic.dev.madsys.com\/families\/wp-content\/uploads\/2022\/10\/conjunt-images.jpg?id=2076) !important;background-position: center !important;background-repeat: no-repeat !important;background-size: cover !important;}&#8221; el_class=&#8221;banner-separador&#8221;][vc_column][vc_empty_space height=&#8221;380px&#8221;][\/vc_column][\/vc_row][\/vc_section][vc_section full_width=&#8221;stretch_row&#8221; css_animation=&#8221;none&#8221; el_class=&#8221;section-trauma&#8221; css=&#8221;.vc_custom_1665053194131{background-position: 0 0 !important;background-repeat: no-repeat !important;}&#8221;][vc_row full_width=&#8221;stretch_row_content&#8221;][vc_column css_animation=&#8221;fadeInLeftBig&#8221; width=&#8221;1\/2&#8243; el_class=&#8221;bloc-data&#8221;][vc_column_text el_class=&#8221;destacat-data&#8221;]<\/p>\n<h2 style=\"text-align: center;\">VIERNES 18 DE NOVIEMBRE<\/h2>\n<h4 style=\"text-align: center;\">10:00h &#8211; 20:00h<\/h4>\n<p>[\/vc_column_text][\/vc_column][vc_column width=&#8221;1\/2&#8243;][vc_single_image image=&#8221;7184&#8243; alignment=&#8221;center&#8221;][\/vc_column][\/vc_row][vc_row gap=&#8221;35&#8243; equal_height=&#8221;yes&#8221; el_class=&#8221;programa&#8221;][vc_column width=&#8221;1\/2&#8243;][vc_row_inner equal_height=&#8221;yes&#8221;][vc_column_inner width=&#8221;1\/4&#8243;][vc_column_text css_animation=&#8221;fadeInUp&#8221; el_class=&#8221;horari&#8221;]<\/p>\n<p style=\"text-align: center;\">10:00 &#8211; 10:55<\/p>\n<p>[\/vc_column_text][\/vc_column_inner][vc_column_inner width=&#8221;3\/4&#8243;][vc_column_text]<\/p>\n<h4>MANUEL LLORENS<\/h4>\n<p>La perspectiva cl\u00ednico-comunitaria en la atenci\u00f3n del trauma.[\/vc_column_text][\/vc_column_inner][\/vc_row_inner][vc_row_inner equal_height=&#8221;yes&#8221;][vc_column_inner width=&#8221;1\/4&#8243;][vc_column_text css_animation=&#8221;fadeInUp&#8221; el_class=&#8221;horari&#8221;]<\/p>\n<p style=\"text-align: center;\">10:55 &#8211; 11:15<\/p>\n<p>[\/vc_column_text][\/vc_column_inner][vc_column_inner width=&#8221;3\/4&#8243;][vc_column_text]<\/p>\n<h4>PREGUNTAS<\/h4>\n<p>[\/vc_column_text][\/vc_column_inner][\/vc_row_inner][vc_row_inner equal_height=&#8221;yes&#8221;][vc_column_inner width=&#8221;1\/4&#8243;][vc_column_text css_animation=&#8221;fadeInUp&#8221; el_class=&#8221;horari&#8221;]<\/p>\n<p style=\"text-align: center;\">11:20 &#8211; 12:05<\/p>\n<p>[\/vc_column_text][\/vc_column_inner][vc_column_inner width=&#8221;3\/4&#8243;][vc_column_text]<\/p>\n<h4>LU\u00cdS PULGAR Y ADELA CAM\u00cd<\/h4>\n<p>Comprensi\u00f3n del trauma en el contexto familiar y t\u00e9cnicas para su abordaje en familia: &#8220;D\u00f3nde est\u00e1 la herida tambi\u00e9n est\u00e1 la curaci\u00f3n: las ra\u00edces y las expresiones relacionales del trauma en la familia&#8221;.[\/vc_column_text][\/vc_column_inner][\/vc_row_inner][vc_row_inner equal_height=&#8221;yes&#8221;][vc_column_inner width=&#8221;1\/4&#8243;][vc_column_text css_animation=&#8221;fadeInUp&#8221; el_class=&#8221;horari&#8221;]<\/p>\n<p style=\"text-align: center;\">12:05 &#8211; 12:20<\/p>\n<p>[\/vc_column_text][\/vc_column_inner][vc_column_inner width=&#8221;3\/4&#8243;][vc_column_text]<\/p>\n<h4>PREGUNTAS<\/h4>\n<p>[\/vc_column_text][\/vc_column_inner][\/vc_row_inner][vc_row_inner equal_height=&#8221;yes&#8221;][vc_column_inner width=&#8221;1\/4&#8243;][vc_column_text css_animation=&#8221;fadeInUp&#8221; el_class=&#8221;horari&#8221;]<\/p>\n<p style=\"text-align: center;\">12:20 &#8211; 12:40<\/p>\n<p>[\/vc_column_text][\/vc_column_inner][vc_column_inner width=&#8221;3\/4&#8243;][vc_column_text]<\/p>\n<h4>DESCANSO<\/h4>\n<p>[\/vc_column_text][\/vc_column_inner][\/vc_row_inner][vc_row_inner][vc_column_inner width=&#8221;1\/4&#8243;][vc_column_text css_animation=&#8221;fadeInUp&#8221; el_class=&#8221;horari&#8221;]<\/p>\n<p style=\"text-align: center;\">12:45 &#8211; 14:00<\/p>\n<p>[\/vc_column_text][\/vc_column_inner][vc_column_inner width=&#8221;3\/4&#8243;][vc_column_text]<\/p>\n<h4>TALLERES<\/h4>\n<h5>ANA HERN\u00c1NDEZ<\/h5>\n<p>Construyendo un nuevo equilibrio familiar a partir de la comprensi\u00f3n del trauma. Cuando un cambio de mirada implica un cambio en la relaci\u00f3n familiar.<\/p>\n<h5>MANUEL LLORENS<\/h5>\n<p>Aportes para la intervenci\u00f3n del trauma en la comunidad.[\/vc_column_text][\/vc_column_inner][\/vc_row_inner][\/vc_column][vc_column width=&#8221;1\/2&#8243;][vc_row_inner equal_height=&#8221;yes&#8221;][vc_column_inner width=&#8221;1\/4&#8243;][vc_column_text css_animation=&#8221;fadeInUp&#8221; el_class=&#8221;horari&#8221;]<\/p>\n<p style=\"text-align: center;\">16:00 &#8211; 17:30<\/p>\n<p>[\/vc_column_text][\/vc_column_inner][vc_column_inner width=&#8221;3\/4&#8243;][vc_column_text]<\/p>\n<h4>ANIA JUSTO, LU\u00cdS PULGAR, MANUEL LLORENS Y ADELA CAM\u00cd<\/h4>\n<p>Supervisi\u00f3n \u201ccoral\u201d integradora del abordaje de un caso desde las tres dimensiones.[\/vc_column_text][\/vc_column_inner][\/vc_row_inner][vc_row_inner equal_height=&#8221;yes&#8221;][vc_column_inner width=&#8221;1\/4&#8243;][vc_column_text css_animation=&#8221;fadeInUp&#8221; el_class=&#8221;horari&#8221;]<\/p>\n<p style=\"text-align: center;\">17:30 &#8211; 18:30<\/p>\n<p>[\/vc_column_text][\/vc_column_inner][vc_column_inner width=&#8221;3\/4&#8243;][vc_column_text]<\/p>\n<h4>JAVIER LOYO, ENRIC G\u00d3MEZ, MARC PERALES Y ALBA HERRERA<\/h4>\n<p>Simposio sobre el trabajo en red: \u201cTejiendo una red de atenci\u00f3n psico-socio-educativa sensibilizada con la incidencia de los elementos sist\u00e9micos y traum\u00e1ticos de las personas y las familias\u201d.[\/vc_column_text][\/vc_column_inner][\/vc_row_inner][vc_row_inner equal_height=&#8221;yes&#8221;][vc_column_inner width=&#8221;1\/4&#8243;][vc_column_text css_animation=&#8221;fadeInUp&#8221; el_class=&#8221;horari&#8221;]<\/p>\n<p style=\"text-align: center;\">18:30 &#8211; 19:00<\/p>\n<p>[\/vc_column_text][\/vc_column_inner][vc_column_inner width=&#8221;3\/4&#8243;][vc_column_text]<\/p>\n<h4>PREGUNTAS<\/h4>\n<p>[\/vc_column_text][\/vc_column_inner][\/vc_row_inner][vc_row_inner equal_height=&#8221;yes&#8221;][vc_column_inner width=&#8221;1\/4&#8243;][vc_column_text css_animation=&#8221;fadeInUp&#8221; el_class=&#8221;horari&#8221;]<\/p>\n<p style=\"text-align: center;\">19:00 &#8211; 19:45<\/p>\n<p>[\/vc_column_text][\/vc_column_inner][vc_column_inner width=&#8221;3\/4&#8243;][vc_column_text]<\/p>\n<h4>ENTREVISTA<\/h4>\n<p>El trabajo con trauma desde el funcionamiento mental interno.[\/vc_column_text][\/vc_column_inner][\/vc_row_inner][vc_row_inner equal_height=&#8221;yes&#8221;][vc_column_inner width=&#8221;1\/4&#8243;][vc_column_text css_animation=&#8221;fadeInUp&#8221; el_class=&#8221;horari&#8221;]<\/p>\n<p style=\"text-align: center;\">19:45 &#8211; 20:00<\/p>\n<p>[\/vc_column_text][\/vc_column_inner][vc_column_inner width=&#8221;3\/4&#8243;][vc_column_text]<\/p>\n<h4>CIERRE<\/h4>\n<p>[\/vc_column_text][\/vc_column_inner][\/vc_row_inner][\/vc_column][\/vc_row][vc_row full_width=&#8221;stretch_row&#8221; css_animation=&#8221;fadeIn&#8221; css=&#8221;.vc_custom_1664956022418{background-image: url(https:\/\/eduvic.dev.madsys.com\/families\/wp-content\/uploads\/2022\/10\/conjunt-images.jpg?id=2076) !important;background-position: center !important;background-repeat: no-repeat !important;background-size: cover !important;}&#8221; el_class=&#8221;banner-separador&#8221;][vc_column][vc_empty_space height=&#8221;380px&#8221;][\/vc_column][\/vc_row][\/vc_section][vc_section][vc_row gap=&#8221;30&#8243; equal_height=&#8221;yes&#8221; content_placement=&#8221;bottom&#8221; bg_type=&#8221;bg_color&#8221; bg_color_value=&#8221;#f4f4f4&#8243;][vc_column el_class=&#8221;col-informativa&#8221;][vc_column_text]<\/p>\n<h5 style=\"text-align: center;\">Inscripciones jueves y viernes.<br \/>\n\u00a1Res\u00e9rvate las fechas porque te esperamos!<\/h5>\n<p>[\/vc_column_text][\/vc_column][\/vc_row][vc_row gap=&#8221;30&#8243; equal_height=&#8221;yes&#8221; content_placement=&#8221;top&#8221; bg_type=&#8221;bg_color&#8221; bg_color_value=&#8221;#f4f4f4&#8243;][vc_column width=&#8221;2\/3&#8243; el_class=&#8221;col-informativa&#8221;][vc_column_text]<\/p>\n<h2 style=\"text-align: left;\">Para profesionales y ciudadanos con inter\u00e9s en enriquecer sus conocimientos en trauma.<\/h2>\n<p>[\/vc_column_text][\/vc_column][vc_column width=&#8221;1\/3&#8243;][vc_btn title=&#8221;PARTICIPA&#8221; style=&#8221;classic&#8221; shape=&#8221;round&#8221; color=&#8221;default&#8221; align=&#8221;center&#8221; el_class=&#8221;hurrytimer-button&#8221; link=&#8221;url:%23|title:participa&#8221;][\/vc_column][\/vc_row][\/vc_section][vc_section full_width=&#8221;stretch_row&#8221; el_id=&#8221;section-info&#8221;][vc_row][vc_column][vc_column_text]<\/p>\n<h2 style=\"text-align: center;\">Informaci\u00f3n pr\u00e1ctica<\/h2>\n<p>[\/vc_column_text][\/vc_column][\/vc_row][vc_row gap=&#8221;35&#8243; equal_height=&#8221;yes&#8221; el_class=&#8221;info-practica&#8221;][vc_column width=&#8221;1\/3&#8243; css=&#8221;.vc_custom_1665390087208{padding-top: 0px !important;padding-right: 0px !important;padding-bottom: 0px !important;padding-left: 0px !important;background-color: rgba(150,32,46,0.95) !important;*background-color: rgb(150,32,46) !important;}&#8221;][vc_single_image image=&#8221;7221&#8243; img_size=&#8221;large&#8221; alignment=&#8221;center&#8221;][vc_column_text el_class=&#8221;text-info&#8221;]<\/p>\n<h4 style=\"text-align: center;\">Modalidades y precios de inscripciones<\/h4>\n<p style=\"text-align: center;\">Presencial Entrada General <strong>70\u20ac<\/strong><\/p>\n<p style=\"text-align: center;\">Presencial Entrada con descuento<strong> 60\u20ac <\/strong><br \/>\n(FEDAIA, DGAIA, Colegios Profesionales, Alumnos IL\u00b73 y Escola Itinere)<\/p>\n<p style=\"text-align: center;\">Online las 4 conferencias y el simposio <strong>35\u20ac<\/strong><\/p>\n<p>[\/vc_column_text][\/vc_column][vc_column width=&#8221;1\/3&#8243; css=&#8221;.vc_custom_1665390091882{padding-top: 0px !important;padding-right: 0px !important;padding-bottom: 0px !important;padding-left: 0px !important;background-color: rgba(150,32,46,0.8) !important;*background-color: rgb(150,32,46) !important;}&#8221;][vc_single_image image=&#8221;7223&#8243; img_size=&#8221;large&#8221; alignment=&#8221;center&#8221;][vc_column_text el_class=&#8221;text-info&#8221;]<\/p>\n<h4 style=\"text-align: center;\">Ubicaci\u00f3n<\/h4>\n<p style=\"text-align: center;\">Las jornadas se llevar\u00e1n a cabo en el Sal\u00f3n de Actos del IL\u00b73<br \/>\n(Instituto de Formaci\u00f3n Continua IL\u00b73).<\/p>\n<p>[\/vc_column_text][\/vc_column][vc_column width=&#8221;1\/3&#8243; css=&#8221;.vc_custom_1665390096286{padding-top: 0px !important;padding-right: 0px !important;padding-bottom: 0px !important;padding-left: 0px !important;background-color: rgba(150,32,46,0.65) !important;*background-color: rgb(150,32,46) !important;}&#8221;][vc_single_image image=&#8221;7225&#8243; img_size=&#8221;large&#8221; alignment=&#8221;center&#8221;][vc_column_text el_class=&#8221;text-info&#8221;]<\/p>\n<h4 style=\"text-align: center;\">Organizaci\u00f3n<\/h4>\n<p style=\"text-align: center;\">La Escola Itinere y el Psicoterapia &amp; Trauma Institute son dos de las \u00e1reas de la cooperativa social sin \u00e1nimo de lucro EDUVIC que en esta ocasi\u00f3n suman fuerzas y experiencia para ofrecerles unas jornadas te\u00f3rico-pr\u00e1cticas para profundizar sobre el trauma.<\/p>\n<p style=\"text-align: center;\">Las jornadas cuentan con el apoyo del Instituto de Formaci\u00f3n Continua IL\u00b73 de la Universidad de Barcelona.<\/p>\n<p>[\/vc_column_text][\/vc_column][\/vc_row][\/vc_section][vc_section full_width=&#8221;stretch_row&#8221; el_id=&#8221;widgets-footer&#8221; css=&#8221;.vc_custom_1664875293371{background-color: #f4f4f4 !important;}&#8221;][vc_row][vc_column width=&#8221;1\/2&#8243;][vc_column_text]<\/p>\n<h5 style=\"text-align: left;\">CON LA COLABORACI\u00d3N INSTITUCIONAL DE:<\/h5>\n<p>[\/vc_column_text][vc_single_image image=&#8221;7186&#8243; img_size=&#8221;large&#8221;][\/vc_column][vc_column width=&#8221;1\/2&#8243;][vc_column_text]<\/p>\n<h5>ORGANIZADO POR:<\/h5>\n<p>[\/vc_column_text][vc_row_inner][vc_column_inner width=&#8221;1\/2&#8243;][vc_single_image image=&#8221;7188&#8243; img_size=&#8221;medium&#8221; el_class=&#8221;img-size&#8221;][\/vc_column_inner][vc_column_inner width=&#8221;1\/2&#8243;][vc_single_image image=&#8221;7190&#8243; img_size=&#8221;medium&#8221; el_class=&#8221;img-size&#8221;][\/vc_column_inner][\/vc_row_inner][\/vc_column][\/vc_row][\/vc_section]<\/p>\n<\/div>","protected":false},"excerpt":{"rendered":"<p> &#8230; <\/p>\n<p class=\"read-more-container\"><a title=\"Landing Trauma\" class=\"read-more button\" href=\"https:\/\/eduvic.coop\/es\/landing-trauma\/#more-7163\" aria-label=\"Leer m\u00e1s sobre Landing Trauma\">Leer m\u00e1s<\/a><\/p>\n","protected":false},"author":14,"featured_media":0,"parent":0,"menu_order":0,"comment_status":"closed","ping_status":"closed","template":"","meta":{"footnotes":""},"class_list":{"0":"post-7163","1":"page","2":"type-page","3":"status-publish","5":"no-featured-image-padding"},"yoast_head":"<!-- This site is optimized with the Yoast SEO plugin v27.4 - https:\/\/yoast.com\/product\/yoast-seo-wordpress\/ -->\n<title>Landing Trauma - EDUVIC<\/title>\n<meta name=\"robots\" content=\"index, follow, max-snippet:-1, max-image-preview:large, max-video-preview:-1\" \/>\n<link rel=\"canonical\" href=\"https:\/\/eduvic.coop\/es\/landing-trauma\/\" \/>\n<meta property=\"og:locale\" content=\"es_ES\" \/>\n<meta property=\"og:type\" content=\"article\" \/>\n<meta property=\"og:title\" content=\"Landing Trauma - EDUVIC\" \/>\n<meta property=\"og:description\" content=\"... Leer m\u00e1s\" \/>\n<meta property=\"og:url\" content=\"https:\/\/eduvic.coop\/es\/landing-trauma\/\" \/>\n<meta property=\"og:site_name\" content=\"EDUVIC\" \/>\n<meta property=\"article:modified_time\" content=\"2022-10-10T08:40:02+00:00\" \/>\n<meta name=\"twitter:card\" content=\"summary_large_image\" \/>\n<meta name=\"twitter:label1\" content=\"Tiempo de lectura\" \/>\n\t<meta name=\"twitter:data1\" content=\"7 minutos\" \/>\n<script type=\"application\/ld+json\" class=\"yoast-schema-graph\">{\"@context\":\"https:\\\/\\\/schema.org\",\"@graph\":[{\"@type\":\"WebPage\",\"@id\":\"https:\\\/\\\/eduvic.coop\\\/es\\\/landing-trauma\\\/\",\"url\":\"https:\\\/\\\/eduvic.coop\\\/es\\\/landing-trauma\\\/\",\"name\":\"Landing Trauma - EDUVIC\",\"isPartOf\":{\"@id\":\"https:\\\/\\\/eduvic.coop\\\/es\\\/#website\"},\"datePublished\":\"2022-10-05T07:40:33+00:00\",\"dateModified\":\"2022-10-10T08:40:02+00:00\",\"breadcrumb\":{\"@id\":\"https:\\\/\\\/eduvic.coop\\\/es\\\/landing-trauma\\\/#breadcrumb\"},\"inLanguage\":\"es\",\"potentialAction\":[{\"@type\":\"ReadAction\",\"target\":[\"https:\\\/\\\/eduvic.coop\\\/es\\\/landing-trauma\\\/\"]}]},{\"@type\":\"BreadcrumbList\",\"@id\":\"https:\\\/\\\/eduvic.coop\\\/es\\\/landing-trauma\\\/#breadcrumb\",\"itemListElement\":[{\"@type\":\"ListItem\",\"position\":1,\"name\":\"Inici\",\"item\":\"https:\\\/\\\/eduvic.coop\\\/es\\\/\"},{\"@type\":\"ListItem\",\"position\":2,\"name\":\"Landing Trauma\"}]},{\"@type\":\"WebSite\",\"@id\":\"https:\\\/\\\/eduvic.coop\\\/es\\\/#website\",\"url\":\"https:\\\/\\\/eduvic.coop\\\/es\\\/\",\"name\":\"EDUVIC\",\"description\":\"\",\"publisher\":{\"@id\":\"https:\\\/\\\/eduvic.coop\\\/es\\\/#organization\"},\"potentialAction\":[{\"@type\":\"SearchAction\",\"target\":{\"@type\":\"EntryPoint\",\"urlTemplate\":\"https:\\\/\\\/eduvic.coop\\\/es\\\/?s={search_term_string}\"},\"query-input\":{\"@type\":\"PropertyValueSpecification\",\"valueRequired\":true,\"valueName\":\"search_term_string\"}}],\"inLanguage\":\"es\"},{\"@type\":\"Organization\",\"@id\":\"https:\\\/\\\/eduvic.coop\\\/es\\\/#organization\",\"name\":\"EDUVIC\",\"url\":\"https:\\\/\\\/eduvic.coop\\\/es\\\/\",\"logo\":{\"@type\":\"ImageObject\",\"inLanguage\":\"es\",\"@id\":\"https:\\\/\\\/eduvic.coop\\\/es\\\/#\\\/schema\\\/logo\\\/image\\\/\",\"url\":\"https:\\\/\\\/eduvic.coop\\\/wp-content\\\/uploads\\\/2024\\\/12\\\/cropped-EDUVIC-1.png\",\"contentUrl\":\"https:\\\/\\\/eduvic.coop\\\/wp-content\\\/uploads\\\/2024\\\/12\\\/cropped-EDUVIC-1.png\",\"width\":4440,\"height\":1743,\"caption\":\"EDUVIC\"},\"image\":{\"@id\":\"https:\\\/\\\/eduvic.coop\\\/es\\\/#\\\/schema\\\/logo\\\/image\\\/\"}}]}<\/script>\n<!-- \/ Yoast SEO plugin. -->","yoast_head_json":{"title":"Landing Trauma - EDUVIC","robots":{"index":"index","follow":"follow","max-snippet":"max-snippet:-1","max-image-preview":"max-image-preview:large","max-video-preview":"max-video-preview:-1"},"canonical":"https:\/\/eduvic.coop\/es\/landing-trauma\/","og_locale":"es_ES","og_type":"article","og_title":"Landing Trauma - EDUVIC","og_description":"... Leer m\u00e1s","og_url":"https:\/\/eduvic.coop\/es\/landing-trauma\/","og_site_name":"EDUVIC","article_modified_time":"2022-10-10T08:40:02+00:00","twitter_card":"summary_large_image","twitter_misc":{"Tiempo de lectura":"7 minutos"},"schema":{"@context":"https:\/\/schema.org","@graph":[{"@type":"WebPage","@id":"https:\/\/eduvic.coop\/es\/landing-trauma\/","url":"https:\/\/eduvic.coop\/es\/landing-trauma\/","name":"Landing Trauma - EDUVIC","isPartOf":{"@id":"https:\/\/eduvic.coop\/es\/#website"},"datePublished":"2022-10-05T07:40:33+00:00","dateModified":"2022-10-10T08:40:02+00:00","breadcrumb":{"@id":"https:\/\/eduvic.coop\/es\/landing-trauma\/#breadcrumb"},"inLanguage":"es","potentialAction":[{"@type":"ReadAction","target":["https:\/\/eduvic.coop\/es\/landing-trauma\/"]}]},{"@type":"BreadcrumbList","@id":"https:\/\/eduvic.coop\/es\/landing-trauma\/#breadcrumb","itemListElement":[{"@type":"ListItem","position":1,"name":"Inici","item":"https:\/\/eduvic.coop\/es\/"},{"@type":"ListItem","position":2,"name":"Landing Trauma"}]},{"@type":"WebSite","@id":"https:\/\/eduvic.coop\/es\/#website","url":"https:\/\/eduvic.coop\/es\/","name":"EDUVIC","description":"","publisher":{"@id":"https:\/\/eduvic.coop\/es\/#organization"},"potentialAction":[{"@type":"SearchAction","target":{"@type":"EntryPoint","urlTemplate":"https:\/\/eduvic.coop\/es\/?s={search_term_string}"},"query-input":{"@type":"PropertyValueSpecification","valueRequired":true,"valueName":"search_term_string"}}],"inLanguage":"es"},{"@type":"Organization","@id":"https:\/\/eduvic.coop\/es\/#organization","name":"EDUVIC","url":"https:\/\/eduvic.coop\/es\/","logo":{"@type":"ImageObject","inLanguage":"es","@id":"https:\/\/eduvic.coop\/es\/#\/schema\/logo\/image\/","url":"https:\/\/eduvic.coop\/wp-content\/uploads\/2024\/12\/cropped-EDUVIC-1.png","contentUrl":"https:\/\/eduvic.coop\/wp-content\/uploads\/2024\/12\/cropped-EDUVIC-1.png","width":4440,"height":1743,"caption":"EDUVIC"},"image":{"@id":"https:\/\/eduvic.coop\/es\/#\/schema\/logo\/image\/"}}]}},"_links":{"self":[{"href":"https:\/\/eduvic.coop\/es\/wp-json\/wp\/v2\/pages\/7163","targetHints":{"allow":["GET"]}}],"collection":[{"href":"https:\/\/eduvic.coop\/es\/wp-json\/wp\/v2\/pages"}],"about":[{"href":"https:\/\/eduvic.coop\/es\/wp-json\/wp\/v2\/types\/page"}],"author":[{"embeddable":true,"href":"https:\/\/eduvic.coop\/es\/wp-json\/wp\/v2\/users\/14"}],"replies":[{"embeddable":true,"href":"https:\/\/eduvic.coop\/es\/wp-json\/wp\/v2\/comments?post=7163"}],"version-history":[{"count":30,"href":"https:\/\/eduvic.coop\/es\/wp-json\/wp\/v2\/pages\/7163\/revisions"}],"predecessor-version":[{"id":7195,"href":"https:\/\/eduvic.coop\/es\/wp-json\/wp\/v2\/pages\/7163\/revisions\/7195"}],"wp:attachment":[{"href":"https:\/\/eduvic.coop\/es\/wp-json\/wp\/v2\/media?parent=7163"}],"curies":[{"name":"wp","href":"https:\/\/api.w.org\/{rel}","templated":true}]}}