{"id":6328,"date":"2021-06-04T10:07:40","date_gmt":"2021-06-04T08:07:40","guid":{"rendered":"https:\/\/eduvic.dev.madsys.com\/eduvic\/?page_id=6328"},"modified":"2026-01-28T13:42:54","modified_gmt":"2026-01-28T11:42:54","slug":"socis-i-socies","status":"publish","type":"page","link":"https:\/\/eduvic.coop\/es\/socis-i-socies\/","title":{"rendered":"Socios y socias"},"content":{"rendered":"<div class=\"wpb-content-wrapper\"><p>[vc_section][vc_row][vc_column][vc_wp_custommenu nav_menu=&#8221;77&#8243; el_class=&#8221;menu-h-qui-som&#8221;][\/vc_column][\/vc_row][\/vc_section][vc_section el_class=&#8221;no-mobile&#8221;][vc_row full_width=&#8221;stretch_row&#8221; full_height=&#8221;yes&#8221; css=&#8221;.vc_custom_1739464203708{background-image: url(https:\/\/eduvic.coop\/wp-content\/uploads\/2025\/01\/DSC_0732-scaled-e1736866653687.jpg?id=8954) !important;background-position: center !important;background-repeat: no-repeat !important;background-size: cover !important;}&#8221;][vc_column]<div id=\"uvc-type-wrap-1898\"  data-ultimate-target='#uvc-type-wrap-1898'  data-responsive-json-new='{\"font-size\":\"desktop:40px;\",\"line-height\":\"\"}'  class=\"uvc-type-wrap  ult-adjust-bottom-margin ult-responsive  uvc-type-align-left  uvc-wrap-371131190269f1a1e69780d\" style=\"text-align:left;\"><span  data-ultimate-target='#uvc-type-wrap-1898 .mycustfancy'  data-responsive-json-new='{\"font-size\":\"\",\"line-height\":\"\"}'  class=\"ultimate-typewriter-prefix mycustfancy ult-responsive\" style=\"font-weight:normal;color:#FFFFFF;background :#94212F; text-transform: unset;\">Personas que<\/span><span id=\"typed-371131190269f1a1e69780d\" class=\"ultimate-typed-main fancytext-typewriter-background-enabled\" style=\"color:#94212F;background:#FFFFFF; font-weight:normal; text-transform: unset;\"><\/span><script type=\"text\/javascript\">\n\t\t\t\t\t\tjQuery(function($){ \n\t\t\t\t\t\t\t$(document).ready(function(){\n\t\t\t\t\t\t\t\tif( typeof jQuery(\"#typed-371131190269f1a1e69780d\").typed == \"function\"){\n\t\t\t\t\t\t\t\t\t$(\"#typed-371131190269f1a1e69780d\").typed({\n\t\t\t\t\t\t\t\t\t\tstrings: [\"colaboran\",\"deciden\",\"construyen el futuro de EDUVIC\"],\n\t\t\t\t\t\t\t\t\t\ttypeSpeed: 35,\n\t\t\t\t\t\t\t\t\t\tbackSpeed: 0,\n\t\t\t\t\t\t\t\t\t\tstartDelay: \"200\",\n\t\t\t\t\t\t\t\t\t\tbackDelay: \"1500\",\n\t\t\t\t\t\t\t\t\t\tloop: true,\n\t\t\t\t\t\t\t\t\t\tloopCount: false,\n\t\t\t\t\t\t\t\t\t\tshowCursor: true,\n\t\t\t\t\t\t\t\t\t\tcursorChar: \"|\",\n\t\t\t\t\t\t\t\t\t\tattr: null\n\t\t\t\t\t\t\t\t\t});\n\t\t\t\t\t\t\t\t}\n\t\t\t\t\t\t\t});\n\t\t\t\t\t\t});\n\t\t\t\t\t<\/script><\/div>[\/vc_column][\/vc_row][\/vc_section][vc_section el_class=&#8221;no-desktop&#8221;][vc_row full_width=&#8221;stretch_row&#8221; full_height=&#8221;yes&#8221; content_placement=&#8221;middle&#8221; css=&#8221;.vc_custom_1739464211441{background-image: url(https:\/\/eduvic.coop\/wp-content\/uploads\/2025\/02\/9.png?id=9045) !important;background-position: center !important;background-repeat: no-repeat !important;background-size: cover !important;}&#8221;][vc_column]<div id=\"uvc-type-wrap-1911\"  data-ultimate-target='#uvc-type-wrap-1911'  data-responsive-json-new='{\"font-size\":\"desktop:25px;\",\"line-height\":\"\"}'  class=\"uvc-type-wrap  ult-adjust-bottom-margin ult-responsive  uvc-type-align-left  uvc-wrap-143595166669f1a1e697a13\" style=\"text-align:left;\"><span  data-ultimate-target='#uvc-type-wrap-1911 .mycustfancy'  data-responsive-json-new='{\"font-size\":\"\",\"line-height\":\"\"}'  class=\"ultimate-typewriter-prefix mycustfancy ult-responsive\" style=\"font-weight:normal;color:#FFFFFF;background :#94212F; text-transform: unset;\">Personas que<\/span><span id=\"typed-143595166669f1a1e697a13\" class=\"ultimate-typed-main fancytext-typewriter-background-enabled\" style=\"color:#94212F;background:#FFFFFF; font-weight:normal; text-transform: unset;\"><\/span><script type=\"text\/javascript\">\n\t\t\t\t\t\tjQuery(function($){ \n\t\t\t\t\t\t\t$(document).ready(function(){\n\t\t\t\t\t\t\t\tif( typeof jQuery(\"#typed-143595166669f1a1e697a13\").typed == \"function\"){\n\t\t\t\t\t\t\t\t\t$(\"#typed-143595166669f1a1e697a13\").typed({\n\t\t\t\t\t\t\t\t\t\tstrings: [\"colaboran\",\"deciden\",\"construyen el futuro de EDUVIC\"],\n\t\t\t\t\t\t\t\t\t\ttypeSpeed: 35,\n\t\t\t\t\t\t\t\t\t\tbackSpeed: 0,\n\t\t\t\t\t\t\t\t\t\tstartDelay: \"200\",\n\t\t\t\t\t\t\t\t\t\tbackDelay: \"1500\",\n\t\t\t\t\t\t\t\t\t\tloop: true,\n\t\t\t\t\t\t\t\t\t\tloopCount: false,\n\t\t\t\t\t\t\t\t\t\tshowCursor: true,\n\t\t\t\t\t\t\t\t\t\tcursorChar: \"|\",\n\t\t\t\t\t\t\t\t\t\tattr: null\n\t\t\t\t\t\t\t\t\t});\n\t\t\t\t\t\t\t\t}\n\t\t\t\t\t\t\t});\n\t\t\t\t\t\t});\n\t\t\t\t\t<\/script><\/div>[\/vc_column][\/vc_row][\/vc_section][vc_section full_width=&#8221;stretch_row&#8221; css_animation=&#8221;fadeIn&#8221; el_id=&#8221;-socis-i-socies&#8221;][vc_row bg_type=&#8221;bg_color&#8221; el_class=&#8221;h-linea&#8221; bg_color_value=&#8221;#fdfffc&#8221;][vc_column][vc_empty_space][vc_column_text css=&#8221;&#8221;]<\/p>\n<h3>Socios y socias<\/h3>\n<hr \/>\n<p>[\/vc_column_text][\/vc_column][\/vc_row][vc_row css=&#8221;.vc_custom_1622731525359{padding-bottom: 35px !important;}&#8221;][vc_column width=&#8221;2\/3&#8243;][vc_column_text css=&#8221;&#8221;]El principal activo de la cooperativa no es su inmovilizado material, sino el capital humano e intelectual disponible. El valor del socio es un activo intangible e inmaterial, patrimonio que no es material o f\u00edsico. Justamente, el valor del socio es el principal capital intelectual de la cooperativa (intangible) y su protecci\u00f3n, permanencia y est\u00edmulo implica la debida satisfacci\u00f3n econ\u00f3mica, social y personal de los intereses que se pretenden.<\/p>\n<p>La Asamblea, formada por el conjunto de socias y socios de EDUVIC, es el \u00f3rgano de expresi\u00f3n donde se configura la voluntad social.<\/p>\n<p>Sus acuerdos son obligatorios para la totalidad de los socios, incluso los disidentes y quienes no hayan asistido a la reuni\u00f3n, siempre que se hayan adoptado de acuerdo con las leyes y los estatutos sociales.[\/vc_column_text][\/vc_column][vc_column width=&#8221;1\/3&#8243;]<div id=\"modal-trg-txt-wrap-7536\" class=\"ult-modal-input-wrapper ult-adjust-bottom-margin    \" data-keypress-control=\"keypress-control-enable\" data-overlay-control=\"overlay-control-enable\"><button  data-ultimate-target='#modal-trg-txt-wrap-7536 .btn-modal'  data-responsive-json-new='{\"font-size\":\"\",\"line-height\":\"\"}'  style=\"background:#94212F;border-color:#94212F;color:#FFFFFF; \" data-class-id=\"content-69f1a1e697b146-02667784\" class=\"btn-modal ult-responsive btn-primary btn-modal-lg overlay-show ult-align-center btn-id-69f1a1e697b146-02667784\" data-overlay-class=\"overlay-slideup\">\ud83d\udd17 Lista personas socias<\/button><\/div>\n<div class=\"ult-overlay content-69f1a1e697b146-02667784 \" data-class=\"content-69f1a1e697b146-02667784\" id=\"button-click-overlay\" style=\"background:rgba(225,225,225,0.8); display:none;\">\n\t<div class=\"ult_modal ult-fade ult-small\">\n\t\t<div id=\"ult-modal-wrap-1979\" class=\"ult_modal-content ult-hide\" style=\"border-style:solid;border-width:2px;border-radius:0px;border-color:#333333;\">\n\t\t\t<div class=\"ult_modal-header\" style=\"color:#333333;border-color:#333333;\">\n\t\t\t\t<h3  data-ultimate-target='#ult-modal-wrap-1979 .ult_modal-title'  data-responsive-json-new='{\"font-size\":\"\",\"line-height\":\"\"}'  class=\"ult_modal-title ult-responsive\">\ud83d\udd17 Lista personas socias<\/h3>\n\t\t\t<\/div>\n\t\t\t<div  data-ultimate-target='#ult-modal-wrap-1979 .ult_modal-body'  data-responsive-json-new='{\"font-size\":\"\",\"line-height\":\"\"}'  class=\"ult_modal-body ult-responsive ult-html\" style=\"\">\n\t\t\t<\/p>\n<ol>\n<li>ADELA CAM\u00cd<\/li>\n<li>\u00c0FRICA MORENO<\/li>\n<li>ALBA HERRERA<\/li>\n<li>ALBERT RUIZ<\/li>\n<li>ALEX BEA<\/li>\n<li>ANA ISABEL BALDERO<\/li>\n<li>ANA HERNANDEZ<\/li>\n<li>ANNA CASAL\u00c9<\/li>\n<li>ANNA FORCADELL<\/li>\n<li>ANDR\u00c9S L\u00d3PEZ<\/li>\n<li>ANGELS ALMI\u00d1ANA<\/li>\n<li>ARIADNA SUREDA<\/li>\n<li>CARLA SANTESMASES<\/li>\n<li>CARLA ORRIOLS<\/li>\n<li>BLANCA ZABALLOS<\/li>\n<li>CARLES BOSCH<\/li>\n<li>CARME RAJADELL<\/li>\n<li>CRISTINA CHAL\u00c1<\/li>\n<li>CRISTINA ROIG<\/li>\n<li>D\u00c1CIL GONZ\u00c1LEZ<\/li>\n<li>DANIEL CASTILLO<\/li>\n<li>DANIEL MONTOYA<\/li>\n<li>DAVID BELL\u00d3S<\/li>\n<li>DEISY KUZELUK<\/li>\n<li>ELISA TARD\u00c0<\/li>\n<li>ENRIC GOMEZ<\/li>\n<li>ESTEFAN\u00cdA P\u00c9REZ<\/li>\n<li>ESTHER CAM\u00cd<\/li>\n<li>ESTER GIMENO<\/li>\n<li>EVA LARROSA<\/li>\n<li>FRANCESCA SCIARILLO<\/li>\n<li>GEMMA SANZ<\/li>\n<li>H\u00c9CTOR RUBIES<\/li>\n<li>HELENA GARCIA<\/li>\n<li>HIGINIO TRUJILLO<\/li>\n<li>IRENE DE LUIS<\/li>\n<li>IVAN PESTA\u00d1A<\/li>\n<li>JAIRO CERNA<\/li>\n<li>JAUME FONT<\/li>\n<li>JAVIER LOYO<\/li>\n<li>JESSICA LOPEZ<\/li>\n<li>JESUS AZNAR<\/li>\n<li>JOAN RONZANO<\/li>\n<li>JOAQUINA de la ROSA<\/li>\n<li>JORDI FARGAS<\/li>\n<li>JORDI SERRA<\/li>\n<li>JOSU NIETO<\/li>\n<li>JUAN CARLOS BEN\u00cdTEZ<\/li>\n<li>LAURA GUTIERREZ<\/li>\n<li>L\u00cdDIA BORRELL<\/li>\n<li>LLU\u00cfSA ARMENGOL<\/li>\n<li>LORETO MARTINEZ<\/li>\n<li>LLU\u00cdS MARCH<\/li>\n<li>LUIS PULGAR<\/li>\n<li>MARC PERALES<\/li>\n<li>MA ISABEL BUESO<\/li>\n<li>MA SOLEDAD BLANCO<\/li>\n<li>MARINA PARRA<\/li>\n<li>MARTA GALLARDO<\/li>\n<li>MARTA MONTOYA<\/li>\n<li>MARTA SOLSONA<\/li>\n<li>MATEU UBACH<\/li>\n<li>MERC\u00c8 SAMS\u00d3<\/li>\n<li>MERITXELL GONZ\u00c1LEZ<\/li>\n<li>MERITXELL PERADALTA<\/li>\n<li>MIGUEL \u00c1NGEL SENCIANES<\/li>\n<li>MIREIA GOMEZ<\/li>\n<li>MIREIA MIGUEL<\/li>\n<li>MIREIA PLANELLS<\/li>\n<li>M\u00d2NICA CAMI<\/li>\n<li>MONTSERRAT TEJADA<\/li>\n<li>NATALIA CASAMITJANA<\/li>\n<li>NEREA ALONSO<\/li>\n<li>NEUS CAMPS<\/li>\n<li>NICOLE TEJOS<\/li>\n<li>NINA MIRCA<\/li>\n<li>NURIA MOLANO<\/li>\n<li>PERE SELVAS<\/li>\n<li>RAFAEL POLANCO<\/li>\n<li>REBECA LOPEZ<\/li>\n<li>REGINA BOTEY<\/li>\n<li>SANDRA GARCIA<\/li>\n<li>SANDRA MONTOYA<\/li>\n<li>SARA MOLINA<\/li>\n<li>SERGIO LOPEZ<\/li>\n<li>SILVIA CASAS<\/li>\n<li>SILVIA SARRI<\/li>\n<li>S\u00cdLVIA TODA<\/li>\n<li>SONIA CARBALLIDO (exced\u00e8ncia)<\/li>\n<li>SONIA GIL<\/li>\n<li>SORAYA FARIDI<\/li>\n<li>SUSANA RED\u00d3N<\/li>\n<li>TOM\u00c1S SANZ<\/li>\n<li>VANESSA G\u00d3MEZ<\/li>\n<li>VER\u00d3NICA ESP\u00cdNOLA<\/li>\n<li>VIANY PADILLA<\/li>\n<\/ol>\n<p>\n\t\t\t<\/div>\n\t<\/div>\n\t<\/div>\n\t<div class=\"ult-overlay-close top-right\" style=\"width:80px;height:80px; \"><div class=\"ult-overlay-close-inside\">Close<\/div><\/div>\n<\/div>[\/vc_column][\/vc_row][\/vc_section][vc_section css_animation=&#8221;fadeIn&#8221; el_id=&#8221;-consell-rector&#8221;][vc_row bg_type=&#8221;bg_color&#8221; el_class=&#8221;h-linea&#8221; bg_color_value=&#8221;#fdfffc&#8221;][vc_column][vc_column_text css=&#8221;&#8221;]<\/p>\n<h3 style=\"text-align: center;\"><strong>Consejo Rector<\/strong><\/h3>\n<p>[\/vc_column_text][\/vc_column][\/vc_row][vc_row][vc_column][vc_column_text css=&#8221;&#8221;]Formado por cinco miembros, es el \u00f3rgano de representaci\u00f3n y gobierno de la cooperativa.<\/p>\n<p>Se re\u00fane una vez al mes bajo convocatoria de la presidenta y, de acuerdo con las l\u00edneas generales marcadas por la Asamblea, establece a partir del Plan Estrat\u00e9gico las directrices de actuaci\u00f3n de toda la organizaci\u00f3n y vela por el cumplimiento de los hitos marcados.<\/p>\n<p>A pesar de que el Consejo Rector de EDUVIC tiene delegadas en la Junta Directiva las facultades que se refieren al funcionamiento empresarial ordinario de la cooperativa, conserva las facultades de:<\/p>\n<ul>\n<li>Fijar las directrices generales de actuaci\u00f3n en la gesti\u00f3n de la cooperativa, con sujeci\u00f3n a la pol\u00edtica establecida por la Asamblea General mediante el Plan Estrat\u00e9gico.<\/li>\n<li>Controlar permanentemente y directa la gesti\u00f3n empresarial que ha sido delegada.<\/li>\n<li>Presentar a la Asamblea General la memoria explicativa de la gesti\u00f3n, la rendici\u00f3n de cuentas y la propuesta de aplicaci\u00f3n de resultados.<\/li>\n<li>Autorizar la prestaci\u00f3n de avales o fianzas a favor otras personas.<\/li>\n<li>Comprar, vender, permutar, grabar o hipotecar toda clase de bienes, muebles e inmuebles, necesarios por el desempe\u00f1o de los fines sociales.<\/li>\n<\/ul>\n<p>[\/vc_column_text][\/vc_column][\/vc_row][vc_row][vc_column][vc_empty_space height=&#8221;80px&#8221;][vc_media_grid style=&#8221;lazy&#8221; items_per_page=&#8221;3&#8243; element_width=&#8221;2&#8243; gap=&#8221;35&#8243; item=&#8221;9394&#8243; css=&#8221;&#8221; grid_id=&#8221;vc_gid:1769600504010-27cd85b2-b0ea-5&#8243; include=&#8221;9370,9366,9376,9374,9372,9368&#8243;][vc_empty_space height=&#8221;80px&#8221;][\/vc_column][\/vc_row][\/vc_section][vc_section css_animation=&#8221;fadeIn&#8221; el_id=&#8221;-junta-directiva&#8221;][vc_row bg_type=&#8221;bg_color&#8221; el_class=&#8221;h-linea&#8221; bg_color_value=&#8221;#fdfffc&#8221;][vc_column][vc_column_text css=&#8221;&#8221;]<\/p>\n<h3 style=\"text-align: center;\"><strong>Junta Directiva<\/strong><\/h3>\n<p>[\/vc_column_text][\/vc_column][\/vc_row][vc_row][vc_column][vc_column_text css=&#8221;&#8221;]Formado por la directora general, el subdirector general, la directora financiera y la directora t\u00e9cnica, es el \u00f3rgano que de una manera pr\u00e1ctica facilita la agilidad de la empresa, puesto que se encarga de dirigir, organizar y gestionar la actividad diaria de la cooperativa.<\/p>\n<p>Tiene la responsabilidad de ejecutar el Plan Estrat\u00e9gico, dise\u00f1ando el Plan de Gesti\u00f3n de cada a\u00f1o y priorizando las necesidades organizativas a que se tiene que ir dando respondida partiendo del Modelo de Gesti\u00f3n Integral aprobado por la Asamblea.[\/vc_column_text][\/vc_column][\/vc_row][vc_row][vc_column][vc_empty_space height=&#8221;80px&#8221;][\/vc_column][\/vc_row][vc_row][vc_column width=&#8221;1\/4&#8243;]<div class=\"aio-icon-component    style_1\"><div id=\"Info-box-wrap-8511\" class=\"aio-icon-box default-icon\" style=\"\"  ><div class=\"aio-icon-description ult-responsive\"  data-ultimate-target='#Info-box-wrap-8511 .aio-icon-description'  data-responsive-json-new='{\"font-size\":\"\",\"line-height\":\"\"}'  style=\"\"><\/p>\n<h3 style=\"text-align: center;\">Adela Cam\u00ed<\/h3>\n<p><\/div> <!-- description --><\/div> <!-- aio-icon-box --><\/div> <!-- aio-icon-component -->[\/vc_column][vc_column width=&#8221;1\/4&#8243;]<div class=\"aio-icon-component    style_1\"><div id=\"Info-box-wrap-4407\" class=\"aio-icon-box default-icon\" style=\"\"  ><div class=\"aio-icon-description ult-responsive\"  data-ultimate-target='#Info-box-wrap-4407 .aio-icon-description'  data-responsive-json-new='{\"font-size\":\"\",\"line-height\":\"\"}'  style=\"\"><\/p>\n<h3 style=\"text-align: center;\">Higinio Trujillo<\/h3>\n<p><\/div> <!-- description --><\/div> <!-- aio-icon-box --><\/div> <!-- aio-icon-component -->[vc_empty_space height=&#8221;80px&#8221;][\/vc_column][vc_column width=&#8221;1\/4&#8243;]<div class=\"aio-icon-component    style_1\"><div id=\"Info-box-wrap-9307\" class=\"aio-icon-box default-icon\" style=\"\"  ><div class=\"aio-icon-description ult-responsive\"  data-ultimate-target='#Info-box-wrap-9307 .aio-icon-description'  data-responsive-json-new='{\"font-size\":\"\",\"line-height\":\"\"}'  style=\"\"><\/p>\n<h3 style=\"text-align: center;\">Marisol Blanco<\/h3>\n<p><\/div> <!-- description --><\/div> <!-- aio-icon-box --><\/div> <!-- aio-icon-component -->[\/vc_column][vc_column width=&#8221;1\/4&#8243;]<div class=\"aio-icon-component    style_1\"><div id=\"Info-box-wrap-2769\" class=\"aio-icon-box default-icon\" style=\"\"  ><div class=\"aio-icon-description ult-responsive\"  data-ultimate-target='#Info-box-wrap-2769 .aio-icon-description'  data-responsive-json-new='{\"font-size\":\"\",\"line-height\":\"\"}'  style=\"\"><\/p>\n<h3 style=\"text-align: center;\">Esther Cam\u00ed<\/h3>\n<p><\/div> <!-- description --><\/div> <!-- aio-icon-box --><\/div> <!-- aio-icon-component -->[\/vc_column][\/vc_row][\/vc_section][vc_row css_animation=&#8221;fadeIn&#8221; el_class=&#8221;pestanyes-consells&#8221; el_id=&#8221;-consejos-directivos&#8221;][vc_column][vc_column_text css=&#8221;&#8221; el_class=&#8221;h-linea&#8221;]<\/p>\n<h3 style=\"text-align: center;\"><strong>Consejos Directivos<\/strong><\/h3>\n<p>[\/vc_column_text][vc_empty_space height=&#8221;100px&#8221;][vc_column_text css=&#8221;&#8221;]<br \/>\nLos <strong>Consejos Directivos de EDUVIC<\/strong> son espacios de coordinaci\u00f3n y toma de decisiones estrat\u00e9gicas dentro de la cooperativa. Est\u00e1n formados por las personas responsables de las diferentes \u00e1reas y servicios de EDUVIC y tienen como objetivo garantizar el buen funcionamiento de la organizaci\u00f3n, la alineaci\u00f3n con los valores cooperativos y la implementaci\u00f3n de los planes de acci\u00f3n definidos en la estrategia global de la cooperativa.<\/p>\n<p>En estos consejos se debaten temas clave como la gesti\u00f3n de proyectos, la sostenibilidad, la innovaci\u00f3n en los servicios, la calidad de las intervenciones y la relaci\u00f3n con las administraciones y entidades colaboradoras. Tambi\u00e9n sirven como espacio para compartir experiencias, impulsar nuevas iniciativas y velar por la coherencia entre la visi\u00f3n estrat\u00e9gica y la pr\u00e1ctica diaria.<br \/>\n[\/vc_column_text][vc_empty_space height=&#8221;100px&#8221;][vc_tta_tabs style=&#8221;flat&#8221; color=&#8221;white&#8221; spacing=&#8221;35&#8243; alignment=&#8221;center&#8221; active_section=&#8221;-1&#8243; no_fill_content_area=&#8221;true&#8221;][vc_tta_section title=&#8221;consejo-infancia&#8221; tab_id=&#8221;consells-p1&#8243; el_class=&#8221;consells-p1&#8243;][vc_row_inner][vc_column_inner width=&#8221;1\/4&#8243;][vc_column_text css=&#8221;&#8221;]<\/p>\n<p style=\"text-align: left;\">Adela Cam\u00ed<\/p>\n<p style=\"text-align: left;\">Albert Ru\u00edz<\/p>\n<p style=\"text-align: left;\">Andres L\u00f3pez<\/p>\n<p style=\"text-align: left;\">Angels Almi\u00f1ana<\/p>\n<p style=\"text-align: left;\">Elisa Tard\u00e0<\/p>\n<p style=\"text-align: left;\">Esther Cam\u00ed<\/p>\n<p>[\/vc_column_text][\/vc_column_inner][vc_column_inner width=&#8221;1\/4&#8243;][vc_column_text css=&#8221;&#8221;]<\/p>\n<p style=\"text-align: left;\">Francina Galan<\/p>\n<p style=\"text-align: left;\">Hector Rubies<\/p>\n<p style=\"text-align: left;\">Iv\u00e1n Pesta\u00f1a<\/p>\n<p style=\"text-align: left;\">Jessica L\u00f3pez<\/p>\n<p style=\"text-align: left;\">Lluis March<\/p>\n<p style=\"text-align: left;\">Marta Montoya<\/p>\n<p>[\/vc_column_text][\/vc_column_inner][vc_column_inner width=&#8221;1\/4&#8243;][vc_column_text css=&#8221;&#8221;]<\/p>\n<p style=\"text-align: left;\">Marta Solsona<\/p>\n<p style=\"text-align: left;\">Marta Tor\u00e0<\/p>\n<p style=\"text-align: left;\">Marta Vazquez<\/p>\n<p style=\"text-align: left;\">Nerea Alonso<\/p>\n<p style=\"text-align: left;\">N\u00faria Torres<\/p>\n<p style=\"text-align: left;\">Regina Botey<\/p>\n<p>[\/vc_column_text][\/vc_column_inner][vc_column_inner width=&#8221;1\/4&#8243;][vc_column_text css=&#8221;&#8221;]<\/p>\n<p style=\"text-align: left;\">Salvador Compte<\/p>\n<p style=\"text-align: left;\">Sergi L\u00f3pez<\/p>\n<p style=\"text-align: left;\">Sonia Gil<\/p>\n<p style=\"text-align: left;\">Susana Red\u00f3n<\/p>\n<p style=\"text-align: left;\">Tom\u00e1s Sanz<\/p>\n<p>[\/vc_column_text][\/vc_column_inner][\/vc_row_inner][\/vc_tta_section][vc_tta_section title=&#8221;consejo-familias&#8221; tab_id=&#8221;consells-p2&#8243; el_class=&#8221;consells-p2&#8243;][vc_row_inner][vc_column_inner width=&#8221;1\/4&#8243;][vc_column_text css=&#8221;&#8221;]<\/p>\n<p style=\"text-align: left;\">Alba Herrera<\/p>\n<p style=\"text-align: left;\">Ariadna Sureda<\/p>\n<p style=\"text-align: left;\">Cristina Roig<\/p>\n<p style=\"text-align: left;\">Enric G\u00f3mez<\/p>\n<p style=\"text-align: left;\">Esther Cam\u00ed<\/p>\n<p style=\"text-align: left;\">Higinio Trujillo<\/p>\n<p>[\/vc_column_text][\/vc_column_inner][vc_column_inner width=&#8221;1\/4&#8243;][vc_column_text css=&#8221;&#8221;]<\/p>\n<p style=\"text-align: left;\">Jairo Cerna<\/p>\n<p style=\"text-align: left;\">Javier Loyo<\/p>\n<p style=\"text-align: left;\">Llu\u00efsa Armengol<\/p>\n<p style=\"text-align: left;\">Marc Perales<\/p>\n<p style=\"text-align: left;\">Merc\u00e8 Sams\u00f3<\/p>\n<p style=\"text-align: left;\">Mireia Gomez<\/p>\n<p>[\/vc_column_text][\/vc_column_inner][vc_column_inner width=&#8221;1\/4&#8243;][vc_column_text css=&#8221;&#8221;]<\/p>\n<p style=\"text-align: left;\">Miriam Valero<\/p>\n<p style=\"text-align: left;\">Montserrat Tejada<\/p>\n<p style=\"text-align: left;\">Natalia Casamitjana<\/p>\n<p style=\"text-align: left;\">Nina Mirca<\/p>\n<p style=\"text-align: left;\">Paula Jim\u00e9nez<\/p>\n<p style=\"text-align: left;\">Pere Selvas<\/p>\n<p>[\/vc_column_text][\/vc_column_inner][vc_column_inner width=&#8221;1\/4&#8243;][vc_column_text css=&#8221;&#8221;]<\/p>\n<p style=\"text-align: left;\">Sara Molina<\/p>\n<p style=\"text-align: left;\">Silvia Mu\u00f1oz<\/p>\n<p style=\"text-align: left;\">Silvia Sarri<\/p>\n<p>[\/vc_column_text][\/vc_column_inner][\/vc_row_inner][\/vc_tta_section][vc_tta_section title=&#8221;consejo-sport&#8221; tab_id=&#8221;consells-p3&#8243;][vc_column_text css=&#8221;&#8221;]<\/p>\n<p style=\"text-align: left;\"><strong>Profesionales del \u00e1rea<\/strong><\/p>\n<p>[\/vc_column_text][vc_empty_space][vc_row_inner][vc_column_inner width=&#8221;1\/3&#8243;][vc_column_text css=&#8221;&#8221;]<\/p>\n<p style=\"text-align: left;\">Esther Cam\u00ed<\/p>\n<p style=\"text-align: left;\">Ana Merallo<\/p>\n<p style=\"text-align: left;\">Albert De Bonis<\/p>\n<p>[\/vc_column_text][\/vc_column_inner][vc_column_inner width=&#8221;1\/3&#8243;][vc_column_text css=&#8221;&#8221;]<\/p>\n<p style=\"text-align: left;\">Andrea P\u00e9rez<\/p>\n<p style=\"text-align: left;\">Gerard Soriano<\/p>\n<p style=\"text-align: left;\">Iago Fern\u00e1ndez<\/p>\n<p>[\/vc_column_text][\/vc_column_inner][vc_column_inner width=&#8221;1\/3&#8243;][vc_column_text css=&#8221;&#8221;]<\/p>\n<p style=\"text-align: left;\">Mart\u00ed Ereu<\/p>\n<p style=\"text-align: left;\">Jes\u00fas Portillo<\/p>\n<p style=\"text-align: left;\">Pol Soto<\/p>\n<p>[\/vc_column_text][\/vc_column_inner][\/vc_row_inner][\/vc_tta_section][vc_tta_section title=&#8221;consejo-itinere&#8221; tab_id=&#8221;consells-p4&#8243; el_class=&#8221;consells-p4&#8243;][vc_row_inner][vc_column_inner width=&#8221;1\/3&#8243;][vc_column_text css=&#8221;&#8221;]<\/p>\n<p style=\"text-align: left;\">Caroll Schalscha<\/p>\n<p style=\"text-align: left;\">Gemma P\u00e9rez<\/p>\n<p>[\/vc_column_text][\/vc_column_inner][vc_column_inner width=&#8221;1\/3&#8243;][\/vc_column_inner][vc_column_inner width=&#8221;1\/3&#8243;][\/vc_column_inner][\/vc_row_inner][\/vc_tta_section][vc_tta_section title=&#8221;consejo-pti&#8221; tab_id=&#8221;consells-p5&#8243; el_class=&#8221;consells-p5&#8243;][vc_column_text css=&#8221;&#8221;]<\/p>\n<p style=\"text-align: left;\"><strong>Comisi\u00f3n directiva<\/strong><\/p>\n<p>[\/vc_column_text][vc_empty_space][vc_row_inner][vc_column_inner width=&#8221;1\/3&#8243;][vc_column_text css=&#8221;&#8221;]<\/p>\n<p style=\"text-align: left;\">Adela Cam\u00ed<\/p>\n<p style=\"text-align: left;\">D\u00e1cil Gonz\u00e1lez<\/p>\n<p>[\/vc_column_text][\/vc_column_inner][vc_column_inner width=&#8221;1\/3&#8243;][vc_column_text css=&#8221;&#8221;]<\/p>\n<p style=\"text-align: left;\">Graciana Squeo<\/p>\n<p style=\"text-align: left;\">Javier Loyo<\/p>\n<p>[\/vc_column_text][\/vc_column_inner][vc_column_inner width=&#8221;1\/3&#8243;][vc_column_text css=&#8221;&#8221;]<\/p>\n<p style=\"text-align: left;\">Luis Pulgar<\/p>\n<p style=\"text-align: left;\">Nicole Tejos<\/p>\n<p>[\/vc_column_text][\/vc_column_inner][\/vc_row_inner][\/vc_tta_section][\/vc_tta_tabs][vc_row_inner][vc_column_inner][vc_empty_space height=&#8221;100px&#8221;][\/vc_column_inner][\/vc_row_inner][\/vc_column][\/vc_row]<\/p>\n<\/div>","protected":false},"excerpt":{"rendered":"<p> &#8230; <\/p>\n<p class=\"read-more-container\"><a title=\"Socios y socias\" class=\"read-more button\" href=\"https:\/\/eduvic.coop\/es\/socis-i-socies\/#more-6328\" aria-label=\"Leer m\u00e1s sobre Socios y socias\">Leer m\u00e1s<\/a><\/p>\n","protected":false},"author":14,"featured_media":0,"parent":0,"menu_order":0,"comment_status":"closed","ping_status":"closed","template":"","meta":{"footnotes":""},"class_list":{"0":"post-6328","1":"page","2":"type-page","3":"status-publish","5":"no-featured-image-padding"},"yoast_head":"<!-- This site is optimized with the Yoast SEO plugin v27.4 - https:\/\/yoast.com\/product\/yoast-seo-wordpress\/ -->\n<title>Socios y socias - EDUVIC<\/title>\n<meta name=\"description\" content=\"Conoce el papel de los socios y socias de EDUVIC, su estructura organizativa y su compromiso con los valores cooperativos.\" \/>\n<meta name=\"robots\" content=\"index, follow, max-snippet:-1, max-image-preview:large, max-video-preview:-1\" \/>\n<link rel=\"canonical\" href=\"https:\/\/eduvic.coop\/es\/socis-i-socies\/\" \/>\n<meta property=\"og:locale\" content=\"es_ES\" \/>\n<meta property=\"og:type\" content=\"article\" \/>\n<meta property=\"og:title\" content=\"Socios y socias - EDUVIC\" \/>\n<meta property=\"og:description\" content=\"Conoce el papel de los socios y socias de EDUVIC, su estructura organizativa y su compromiso con los valores cooperativos.\" \/>\n<meta property=\"og:url\" content=\"https:\/\/eduvic.coop\/es\/socis-i-socies\/\" \/>\n<meta property=\"og:site_name\" content=\"EDUVIC\" \/>\n<meta property=\"article:modified_time\" content=\"2026-01-28T11:42:54+00:00\" \/>\n<meta name=\"twitter:card\" content=\"summary_large_image\" \/>\n<meta name=\"twitter:label1\" content=\"Tiempo de lectura\" \/>\n\t<meta name=\"twitter:data1\" content=\"8 minutos\" \/>\n<script type=\"application\/ld+json\" class=\"yoast-schema-graph\">{\"@context\":\"https:\\\/\\\/schema.org\",\"@graph\":[{\"@type\":\"WebPage\",\"@id\":\"https:\\\/\\\/eduvic.coop\\\/es\\\/socis-i-socies\\\/\",\"url\":\"https:\\\/\\\/eduvic.coop\\\/es\\\/socis-i-socies\\\/\",\"name\":\"Socios y socias - EDUVIC\",\"isPartOf\":{\"@id\":\"https:\\\/\\\/eduvic.coop\\\/es\\\/#website\"},\"datePublished\":\"2021-06-04T08:07:40+00:00\",\"dateModified\":\"2026-01-28T11:42:54+00:00\",\"description\":\"Conoce el papel de los socios y socias de EDUVIC, su estructura organizativa y su compromiso con los valores cooperativos.\",\"breadcrumb\":{\"@id\":\"https:\\\/\\\/eduvic.coop\\\/es\\\/socis-i-socies\\\/#breadcrumb\"},\"inLanguage\":\"es\",\"potentialAction\":[{\"@type\":\"ReadAction\",\"target\":[\"https:\\\/\\\/eduvic.coop\\\/es\\\/socis-i-socies\\\/\"]}]},{\"@type\":\"BreadcrumbList\",\"@id\":\"https:\\\/\\\/eduvic.coop\\\/es\\\/socis-i-socies\\\/#breadcrumb\",\"itemListElement\":[{\"@type\":\"ListItem\",\"position\":1,\"name\":\"Inici\",\"item\":\"https:\\\/\\\/eduvic.coop\\\/es\\\/\"},{\"@type\":\"ListItem\",\"position\":2,\"name\":\"Socios y socias\"}]},{\"@type\":\"WebSite\",\"@id\":\"https:\\\/\\\/eduvic.coop\\\/es\\\/#website\",\"url\":\"https:\\\/\\\/eduvic.coop\\\/es\\\/\",\"name\":\"EDUVIC\",\"description\":\"\",\"publisher\":{\"@id\":\"https:\\\/\\\/eduvic.coop\\\/es\\\/#organization\"},\"potentialAction\":[{\"@type\":\"SearchAction\",\"target\":{\"@type\":\"EntryPoint\",\"urlTemplate\":\"https:\\\/\\\/eduvic.coop\\\/es\\\/?s={search_term_string}\"},\"query-input\":{\"@type\":\"PropertyValueSpecification\",\"valueRequired\":true,\"valueName\":\"search_term_string\"}}],\"inLanguage\":\"es\"},{\"@type\":\"Organization\",\"@id\":\"https:\\\/\\\/eduvic.coop\\\/es\\\/#organization\",\"name\":\"EDUVIC\",\"url\":\"https:\\\/\\\/eduvic.coop\\\/es\\\/\",\"logo\":{\"@type\":\"ImageObject\",\"inLanguage\":\"es\",\"@id\":\"https:\\\/\\\/eduvic.coop\\\/es\\\/#\\\/schema\\\/logo\\\/image\\\/\",\"url\":\"https:\\\/\\\/eduvic.coop\\\/wp-content\\\/uploads\\\/2024\\\/12\\\/cropped-EDUVIC-1.png\",\"contentUrl\":\"https:\\\/\\\/eduvic.coop\\\/wp-content\\\/uploads\\\/2024\\\/12\\\/cropped-EDUVIC-1.png\",\"width\":4440,\"height\":1743,\"caption\":\"EDUVIC\"},\"image\":{\"@id\":\"https:\\\/\\\/eduvic.coop\\\/es\\\/#\\\/schema\\\/logo\\\/image\\\/\"}}]}<\/script>\n<!-- \/ Yoast SEO plugin. -->","yoast_head_json":{"title":"Socios y socias - EDUVIC","description":"Conoce el papel de los socios y socias de EDUVIC, su estructura organizativa y su compromiso con los valores cooperativos.","robots":{"index":"index","follow":"follow","max-snippet":"max-snippet:-1","max-image-preview":"max-image-preview:large","max-video-preview":"max-video-preview:-1"},"canonical":"https:\/\/eduvic.coop\/es\/socis-i-socies\/","og_locale":"es_ES","og_type":"article","og_title":"Socios y socias - EDUVIC","og_description":"Conoce el papel de los socios y socias de EDUVIC, su estructura organizativa y su compromiso con los valores cooperativos.","og_url":"https:\/\/eduvic.coop\/es\/socis-i-socies\/","og_site_name":"EDUVIC","article_modified_time":"2026-01-28T11:42:54+00:00","twitter_card":"summary_large_image","twitter_misc":{"Tiempo de lectura":"8 minutos"},"schema":{"@context":"https:\/\/schema.org","@graph":[{"@type":"WebPage","@id":"https:\/\/eduvic.coop\/es\/socis-i-socies\/","url":"https:\/\/eduvic.coop\/es\/socis-i-socies\/","name":"Socios y socias - EDUVIC","isPartOf":{"@id":"https:\/\/eduvic.coop\/es\/#website"},"datePublished":"2021-06-04T08:07:40+00:00","dateModified":"2026-01-28T11:42:54+00:00","description":"Conoce el papel de los socios y socias de EDUVIC, su estructura organizativa y su compromiso con los valores cooperativos.","breadcrumb":{"@id":"https:\/\/eduvic.coop\/es\/socis-i-socies\/#breadcrumb"},"inLanguage":"es","potentialAction":[{"@type":"ReadAction","target":["https:\/\/eduvic.coop\/es\/socis-i-socies\/"]}]},{"@type":"BreadcrumbList","@id":"https:\/\/eduvic.coop\/es\/socis-i-socies\/#breadcrumb","itemListElement":[{"@type":"ListItem","position":1,"name":"Inici","item":"https:\/\/eduvic.coop\/es\/"},{"@type":"ListItem","position":2,"name":"Socios y socias"}]},{"@type":"WebSite","@id":"https:\/\/eduvic.coop\/es\/#website","url":"https:\/\/eduvic.coop\/es\/","name":"EDUVIC","description":"","publisher":{"@id":"https:\/\/eduvic.coop\/es\/#organization"},"potentialAction":[{"@type":"SearchAction","target":{"@type":"EntryPoint","urlTemplate":"https:\/\/eduvic.coop\/es\/?s={search_term_string}"},"query-input":{"@type":"PropertyValueSpecification","valueRequired":true,"valueName":"search_term_string"}}],"inLanguage":"es"},{"@type":"Organization","@id":"https:\/\/eduvic.coop\/es\/#organization","name":"EDUVIC","url":"https:\/\/eduvic.coop\/es\/","logo":{"@type":"ImageObject","inLanguage":"es","@id":"https:\/\/eduvic.coop\/es\/#\/schema\/logo\/image\/","url":"https:\/\/eduvic.coop\/wp-content\/uploads\/2024\/12\/cropped-EDUVIC-1.png","contentUrl":"https:\/\/eduvic.coop\/wp-content\/uploads\/2024\/12\/cropped-EDUVIC-1.png","width":4440,"height":1743,"caption":"EDUVIC"},"image":{"@id":"https:\/\/eduvic.coop\/es\/#\/schema\/logo\/image\/"}}]}},"_links":{"self":[{"href":"https:\/\/eduvic.coop\/es\/wp-json\/wp\/v2\/pages\/6328","targetHints":{"allow":["GET"]}}],"collection":[{"href":"https:\/\/eduvic.coop\/es\/wp-json\/wp\/v2\/pages"}],"about":[{"href":"https:\/\/eduvic.coop\/es\/wp-json\/wp\/v2\/types\/page"}],"author":[{"embeddable":true,"href":"https:\/\/eduvic.coop\/es\/wp-json\/wp\/v2\/users\/14"}],"replies":[{"embeddable":true,"href":"https:\/\/eduvic.coop\/es\/wp-json\/wp\/v2\/comments?post=6328"}],"version-history":[{"count":46,"href":"https:\/\/eduvic.coop\/es\/wp-json\/wp\/v2\/pages\/6328\/revisions"}],"predecessor-version":[{"id":9947,"href":"https:\/\/eduvic.coop\/es\/wp-json\/wp\/v2\/pages\/6328\/revisions\/9947"}],"wp:attachment":[{"href":"https:\/\/eduvic.coop\/es\/wp-json\/wp\/v2\/media?parent=6328"}],"curies":[{"name":"wp","href":"https:\/\/api.w.org\/{rel}","templated":true}]}}