{"id":6304,"date":"2021-05-27T12:10:49","date_gmt":"2021-05-27T10:10:49","guid":{"rendered":"https:\/\/eduvic.dev.madsys.com\/eduvic\/?page_id=6304"},"modified":"2025-02-07T12:10:41","modified_gmt":"2025-02-07T10:10:41","slug":"modelos","status":"publish","type":"page","link":"https:\/\/eduvic.coop\/es\/modelos\/","title":{"rendered":"Modelos"},"content":{"rendered":"<div class=\"wpb-content-wrapper\"><p>[vc_section css_animation=&#8221;fadeIn&#8221; css=&#8221;.vc_custom_1735579617769{background-position: center !important;background-repeat: no-repeat !important;background-size: cover !important;}&#8221; el_class=&#8221;no-mobile&#8221;][vc_row full_width=&#8221;stretch_row&#8221; full_height=&#8221;yes&#8221; equal_height=&#8221;yes&#8221; css=&#8221;.vc_custom_1736421863286{background-image: url(https:\/\/eduvic.coop\/wp-content\/uploads\/2024\/12\/portafoli-itinere-e1734623096447.jpg?id=8731) !important;background-position: center !important;background-repeat: no-repeat !important;background-size: cover !important;}&#8221;][vc_column]<div id=\"uvc-type-wrap-1874\"  data-ultimate-target='#uvc-type-wrap-1874'  data-responsive-json-new='{\"font-size\":\"desktop:40px;\",\"line-height\":\"\"}'  class=\"uvc-type-wrap  ult-adjust-bottom-margin ult-responsive  uvc-type-align-left  uvc-wrap-66035648569f3f9f8bd32d\" style=\"text-align:left;\"><span  data-ultimate-target='#uvc-type-wrap-1874 .mycustfancy'  data-responsive-json-new='{\"font-size\":\"\",\"line-height\":\"\"}'  class=\"ultimate-typewriter-prefix mycustfancy ult-responsive\" style=\"font-weight:normal;color:#FFFFFF;background :#94212F; text-transform: unset;\">Trabajar con un modelo es<\/span><span id=\"typed-66035648569f3f9f8bd32d\" class=\"ultimate-typed-main fancytext-typewriter-background-enabled\" style=\"color:#94212F;background:#FFFFFF; font-weight:normal; text-transform: unset;\"><\/span><script type=\"text\/javascript\">\n\t\t\t\t\t\tjQuery(function($){ \n\t\t\t\t\t\t\t$(document).ready(function(){\n\t\t\t\t\t\t\t\tif( typeof jQuery(\"#typed-66035648569f3f9f8bd32d\").typed == \"function\"){\n\t\t\t\t\t\t\t\t\t$(\"#typed-66035648569f3f9f8bd32d\").typed({\n\t\t\t\t\t\t\t\t\t\tstrings: [\"disponer de unas premisas compartidas\",\"trabajar planificadamente\",\"tener un criterio t\u00e9cnico unificado\"],\n\t\t\t\t\t\t\t\t\t\ttypeSpeed: 35,\n\t\t\t\t\t\t\t\t\t\tbackSpeed: 0,\n\t\t\t\t\t\t\t\t\t\tstartDelay: \"200\",\n\t\t\t\t\t\t\t\t\t\tbackDelay: \"1500\",\n\t\t\t\t\t\t\t\t\t\tloop: true,\n\t\t\t\t\t\t\t\t\t\tloopCount: false,\n\t\t\t\t\t\t\t\t\t\tshowCursor: true,\n\t\t\t\t\t\t\t\t\t\tcursorChar: \"|\",\n\t\t\t\t\t\t\t\t\t\tattr: null\n\t\t\t\t\t\t\t\t\t});\n\t\t\t\t\t\t\t\t}\n\t\t\t\t\t\t\t});\n\t\t\t\t\t\t});\n\t\t\t\t\t<\/script><\/div>[\/vc_column][\/vc_row][\/vc_section][vc_section css_animation=&#8221;fadeIn&#8221; css=&#8221;.vc_custom_1735300632061{background-position: center !important;background-repeat: no-repeat !important;background-size: cover !important;}&#8221; el_class=&#8221;no-desktop&#8221;][vc_row full_width=&#8221;stretch_row&#8221; full_height=&#8221;yes&#8221; content_placement=&#8221;middle&#8221; css=&#8221;.vc_custom_1736421966021{background-image: url(https:\/\/eduvic.coop\/wp-content\/uploads\/2024\/12\/portafoli-itinere1-e1734624596429.jpg?id=8738) !important;background-position: center !important;background-repeat: no-repeat !important;background-size: cover !important;}&#8221;][vc_column css=&#8221;.vc_custom_1734625288824{margin-top: -50px !important;}&#8221;]<div id=\"uvc-type-wrap-8057\"  data-ultimate-target='#uvc-type-wrap-8057'  data-responsive-json-new='{\"font-size\":\"desktop:25px;\",\"line-height\":\"\"}'  class=\"uvc-type-wrap  ult-adjust-bottom-margin ult-responsive  uvc-type-align-left  uvc-wrap-66155260569f3f9f8bd516\" style=\"text-align:left;\"><span  data-ultimate-target='#uvc-type-wrap-8057 .mycustfancy'  data-responsive-json-new='{\"font-size\":\"\",\"line-height\":\"\"}'  class=\"ultimate-typewriter-prefix mycustfancy ult-responsive\" style=\"font-weight:normal;color:#FFFFFF;background :#94212F; text-transform: unset;\">Trabajar con un modelo es<\/span><span id=\"typed-66155260569f3f9f8bd516\" class=\"ultimate-typed-main fancytext-typewriter-background-enabled\" style=\"color:#94212F;background:#FFFFFF; font-weight:normal; text-transform: unset;\"><\/span><script type=\"text\/javascript\">\n\t\t\t\t\t\tjQuery(function($){ \n\t\t\t\t\t\t\t$(document).ready(function(){\n\t\t\t\t\t\t\t\tif( typeof jQuery(\"#typed-66155260569f3f9f8bd516\").typed == \"function\"){\n\t\t\t\t\t\t\t\t\t$(\"#typed-66155260569f3f9f8bd516\").typed({\n\t\t\t\t\t\t\t\t\t\tstrings: [\"disponer de unas premisas compartidas\",\"trabajar planificadamente\",\"tener un criterio t\u00e9cnico unificado\"],\n\t\t\t\t\t\t\t\t\t\ttypeSpeed: 35,\n\t\t\t\t\t\t\t\t\t\tbackSpeed: 0,\n\t\t\t\t\t\t\t\t\t\tstartDelay: \"200\",\n\t\t\t\t\t\t\t\t\t\tbackDelay: \"1500\",\n\t\t\t\t\t\t\t\t\t\tloop: true,\n\t\t\t\t\t\t\t\t\t\tloopCount: false,\n\t\t\t\t\t\t\t\t\t\tshowCursor: true,\n\t\t\t\t\t\t\t\t\t\tcursorChar: \"|\",\n\t\t\t\t\t\t\t\t\t\tattr: null\n\t\t\t\t\t\t\t\t\t});\n\t\t\t\t\t\t\t\t}\n\t\t\t\t\t\t\t});\n\t\t\t\t\t\t});\n\t\t\t\t\t<\/script><\/div>[\/vc_column][\/vc_row][\/vc_section][vc_section][vc_row bg_type=&#8221;bg_color&#8221; el_class=&#8221;h-linea&#8221; bg_color_value=&#8221;#ffffff&#8221;][vc_column css=&#8221;.vc_custom_1735299687852{margin-top: -10px !important;}&#8221;][vc_column_text css=&#8221;&#8221;]Los <em>Modelos Marco de Intervenci\u00f3n<\/em> de EDUVIC nacen de la sistematizaci\u00f3n de la experiencia adquirida por nuestro equipo profesional a lo largo de los a\u00f1os. Como entidad que gestiona servicios para personas de diferentes edades, hemos desarrollado una <strong>metodolog\u00eda circular<\/strong> que se inicia con la <strong>evaluaci\u00f3n diagn\u00f3stica de necesidades<\/strong>, contin\u00faa con el <strong>an\u00e1lisis de los resultados<\/strong>, sigue con la <strong>planificaci\u00f3n y ejecuci\u00f3n de la intervenci\u00f3n<\/strong> y finaliza con una <strong>reevaluaci\u00f3n<\/strong> para mejorar los procesos.<\/p>\n<p>Esta metodolog\u00eda se ha enriquecido con nuestro compromiso con la mejora continua, la formaci\u00f3n constante y la reflexi\u00f3n profesional. Este enfoque se ha convertido, de manera progresiva, en un marco te\u00f3rico y pr\u00e1ctico s\u00f3lido que combina principios, metodolog\u00edas y t\u00e9cnicas de intervenci\u00f3n, asegurando la calidad y la eficacia de nuestro trabajo.<\/p>\n<p>La finalidad de estos modelos es establecer unas premisas compartidas que permitan trabajar con un criterio unificado y planificado. Estas directrices no solo aseguran la coherencia t\u00e9cnica, sino que tambi\u00e9n promueven un estilo relacional concreto con las personas usuarias, los compa\u00f1eros y las organizaciones que colaboran con la cooperativa.[\/vc_column_text][vc_row_inner][vc_column_inner][vc_column_text css=&#8221;&#8221; el_class=&#8221;h-linea&#8221;]<\/p>\n<h3><strong>En la actualidad, disponemos de los siguientes modelos marco de intervenci\u00f3n:<\/strong><\/h3>\n<p>[\/vc_column_text][\/vc_column_inner][\/vc_row_inner][\/vc_column][\/vc_row][vc_row][vc_column][vc_empty_space height=&#8221;50px&#8221;][vc_column_text css=&#8221;&#8221;]<\/p>\n<ul style=\"text-align: left;\">\n<li>Modelo de Funcionamiento desde los Rasgos de Identidad Propios<\/li>\n<li>Modelo de Acci\u00f3n Educativa en Medio Residencial<\/li>\n<li>Modelo de Acogida y Diagn\u00f3stico<\/li>\n<li>Modelo de Acci\u00f3n Educativa con Adolescentes Madres<\/li>\n<li>Modelo de Acci\u00f3n Educativa en el Ocio como Prevenci\u00f3n<\/li>\n<li>Modelo de Trabajo Terap\u00e9utico con las Familias<\/li>\n<\/ul>\n<p style=\"text-align: left;\">El Modelo de Acci\u00f3n Educativa en Medio Residencial fue publicado, en su mayor parte, como un art\u00edculo en la Revista de Estudios de Juventud, ISSN-e 0211-4364, N\u00ba. 74, 2006.<\/p>\n<p style=\"text-align: left;\">El Modelo de Trabajo Terap\u00e9utico con las Familias qued\u00f3 recogido en el libro \u201cLa Terapia Familiar Socioeducativa. Un modelo de terapia sist\u00e9mica\u201d, publicado el 25 de junio de 2019.<\/p>\n<p>[\/vc_column_text][vc_empty_space height=&#8221;100px&#8221;][\/vc_column][\/vc_row][\/vc_section][vc_row disable_element=&#8221;yes&#8221; bg_type=&#8221;bg_color&#8221; el_class=&#8221;h-linea&#8221; bg_color_value=&#8221;#fdfffc&#8221;][vc_column][vc_column_text css=&#8221;&#8221;]<\/p>\n<h3>La Terapia Familiar Socioeducativa<\/h3>\n<hr \/>\n<p>[\/vc_column_text][vc_empty_space height=&#8221;80px&#8221;][\/vc_column][\/vc_row][vc_row disable_element=&#8221;yes&#8221;][vc_column width=&#8221;1\/4&#8243; css=&#8221;.vc_custom_1721658758473{background-position: center !important;background-repeat: no-repeat !important;background-size: cover !important;}&#8221; el_class=&#8221;col_tapa-libro&#8221;][vc_empty_space][vc_single_image image=&#8221;764&#8243; img_size=&#8221;large&#8221; alignment=&#8221;center&#8221; onclick=&#8221;custom_link&#8221; img_link_target=&#8221;_blank&#8221; css=&#8221;.vc_custom_1721658685919{background-position: 0 0 !important;background-repeat: no-repeat !important;}&#8221; link=&#8221;https:\/\/www.amazon.es\/terapia-familiar-socioeducativa-EDUVIC-ITINERE\/dp\/8494964194\/ref=tmm_pap_swatch_0?_encoding=UTF8&amp;qid=1623141795&amp;sr=8-1&#8243;][\/vc_column][vc_column width=&#8221;3\/4&#8243;][vc_column_text css=&#8221;.vc_custom_1721657740527{margin-bottom: 40px !important;}&#8221; el_class=&#8221;list-arrow&#8221;]\u201cLa Terapia Familiar Socioeducativa. Un modelo de terapia sist\u00e9mica\u201d,<strong> \u00e9s una obra essencial<\/strong> per a graduats en educaci\u00f3 social, treball social, pedagogia, psicologia, psicopedagogia, sociologia o antropologia, mestres d\u2019educaci\u00f3 i mestres d\u2019educaci\u00f3 especial.<\/p>\n<p>\u00c9s un llibre coral, constru\u00eft de manera dial\u00f2gica per molts dels psicoterapeutes familiars que van fundar EDUVIC, <strong>amb el prop\u00f2sit d\u2019integrar idees, conceptes, experi\u00e8ncies i pr\u00e0ctiques de les que els professionals s\u2019han anat nodrint a partir de la seva pr\u00f2pia experi\u00e8ncia i dels aprenentatges realitzats en altres escoles i models terap\u00e8utics<\/strong>.<\/p>\n<p>Compartir all\u00f2 que ha resultat eficient, pr\u00e0ctic i efica\u00e7 en el treball amb fam\u00edlies \u00e9s el prop\u00f2sit d\u2019aquesta obra.\u00a0<strong>La seva lectura \u00e9s un pas m\u00e9s en el proc\u00e9s de construcci\u00f3 de la identitat professional de tot aquell o aquella que desitgi capbussar-se en les complexitats de l\u2019\u00e0mbit terap\u00e8utic orientat al context educatiu i social i adquirir coneixements per a promocionar la salut relacional de les fam\u00edlies i les persones individuals, especialment els nens i nenes i adolescents<\/strong>.[\/vc_column_text][vc_empty_space][vc_btn title=&#8221;Vull el llibre&#8221; style=&#8221;custom&#8221; custom_background=&#8221;#94212f&#8221; custom_text=&#8221;#ffffff&#8221; shape=&#8221;round&#8221; align=&#8221;left&#8221; i_icon_fontawesome=&#8221;fas fa-cart-arrow-down&#8221; css=&#8221;&#8221; add_icon=&#8221;true&#8221; link=&#8221;url:https%3A%2F%2Fwww.amazon.es%2Fterapia-familiar-socioeducativa-EDUVIC-ITINERE%2Fdp%2F8494964194%2Fref%3Dtmm_pap_swatch_0%3F_encoding%3DUTF8%26qid%3D1623141795%26sr%3D8-1|target:_blank&#8221; el_class=&#8221;btn-comprar&#8221;][\/vc_column][\/vc_row]<\/p>\n<\/div>","protected":false},"excerpt":{"rendered":"<p> &#8230; <\/p>\n<p class=\"read-more-container\"><a title=\"Modelos\" class=\"read-more button\" href=\"https:\/\/eduvic.coop\/es\/modelos\/#more-6304\" aria-label=\"Leer m\u00e1s sobre Modelos\">Leer m\u00e1s<\/a><\/p>\n","protected":false},"author":14,"featured_media":0,"parent":0,"menu_order":0,"comment_status":"closed","ping_status":"closed","template":"","meta":{"footnotes":""},"class_list":{"0":"post-6304","1":"page","2":"type-page","3":"status-publish","5":"no-featured-image-padding"},"yoast_head":"<!-- This site is optimized with the Yoast SEO plugin v27.4 - https:\/\/yoast.com\/product\/yoast-seo-wordpress\/ -->\n<title>Modelos - EDUVIC<\/title>\n<meta name=\"description\" content=\"Descobreix els Models Marc d\u2019Intervenci\u00f3 d\u2019EDUVIC: una metodologia basada en l\u2019experi\u00e8ncia, la millora cont\u00ednua i la reflexi\u00f3 professional.\" \/>\n<meta name=\"robots\" content=\"index, follow, max-snippet:-1, max-image-preview:large, max-video-preview:-1\" \/>\n<link rel=\"canonical\" href=\"https:\/\/eduvic.coop\/es\/modelos\/\" \/>\n<meta property=\"og:locale\" content=\"es_ES\" \/>\n<meta property=\"og:type\" content=\"article\" \/>\n<meta property=\"og:title\" content=\"Modelos - EDUVIC\" \/>\n<meta property=\"og:description\" content=\"Descobreix els Models Marc d\u2019Intervenci\u00f3 d\u2019EDUVIC: una metodologia basada en l\u2019experi\u00e8ncia, la millora cont\u00ednua i la reflexi\u00f3 professional.\" \/>\n<meta property=\"og:url\" content=\"https:\/\/eduvic.coop\/es\/modelos\/\" \/>\n<meta property=\"og:site_name\" content=\"EDUVIC\" \/>\n<meta property=\"article:modified_time\" content=\"2025-02-07T10:10:41+00:00\" \/>\n<meta name=\"twitter:card\" content=\"summary_large_image\" \/>\n<meta name=\"twitter:label1\" content=\"Tiempo de lectura\" \/>\n\t<meta name=\"twitter:data1\" content=\"4 minutos\" \/>\n<script type=\"application\/ld+json\" class=\"yoast-schema-graph\">{\"@context\":\"https:\\\/\\\/schema.org\",\"@graph\":[{\"@type\":\"WebPage\",\"@id\":\"https:\\\/\\\/eduvic.coop\\\/es\\\/modelos\\\/\",\"url\":\"https:\\\/\\\/eduvic.coop\\\/es\\\/modelos\\\/\",\"name\":\"Modelos - EDUVIC\",\"isPartOf\":{\"@id\":\"https:\\\/\\\/eduvic.coop\\\/es\\\/#website\"},\"datePublished\":\"2021-05-27T10:10:49+00:00\",\"dateModified\":\"2025-02-07T10:10:41+00:00\",\"description\":\"Descobreix els Models Marc d\u2019Intervenci\u00f3 d\u2019EDUVIC: una metodologia basada en l\u2019experi\u00e8ncia, la millora cont\u00ednua i la reflexi\u00f3 professional.\",\"breadcrumb\":{\"@id\":\"https:\\\/\\\/eduvic.coop\\\/es\\\/modelos\\\/#breadcrumb\"},\"inLanguage\":\"es\",\"potentialAction\":[{\"@type\":\"ReadAction\",\"target\":[\"https:\\\/\\\/eduvic.coop\\\/es\\\/modelos\\\/\"]}]},{\"@type\":\"BreadcrumbList\",\"@id\":\"https:\\\/\\\/eduvic.coop\\\/es\\\/modelos\\\/#breadcrumb\",\"itemListElement\":[{\"@type\":\"ListItem\",\"position\":1,\"name\":\"Inici\",\"item\":\"https:\\\/\\\/eduvic.coop\\\/es\\\/\"},{\"@type\":\"ListItem\",\"position\":2,\"name\":\"Modelos\"}]},{\"@type\":\"WebSite\",\"@id\":\"https:\\\/\\\/eduvic.coop\\\/es\\\/#website\",\"url\":\"https:\\\/\\\/eduvic.coop\\\/es\\\/\",\"name\":\"EDUVIC\",\"description\":\"\",\"publisher\":{\"@id\":\"https:\\\/\\\/eduvic.coop\\\/es\\\/#organization\"},\"potentialAction\":[{\"@type\":\"SearchAction\",\"target\":{\"@type\":\"EntryPoint\",\"urlTemplate\":\"https:\\\/\\\/eduvic.coop\\\/es\\\/?s={search_term_string}\"},\"query-input\":{\"@type\":\"PropertyValueSpecification\",\"valueRequired\":true,\"valueName\":\"search_term_string\"}}],\"inLanguage\":\"es\"},{\"@type\":\"Organization\",\"@id\":\"https:\\\/\\\/eduvic.coop\\\/es\\\/#organization\",\"name\":\"EDUVIC\",\"url\":\"https:\\\/\\\/eduvic.coop\\\/es\\\/\",\"logo\":{\"@type\":\"ImageObject\",\"inLanguage\":\"es\",\"@id\":\"https:\\\/\\\/eduvic.coop\\\/es\\\/#\\\/schema\\\/logo\\\/image\\\/\",\"url\":\"https:\\\/\\\/eduvic.coop\\\/wp-content\\\/uploads\\\/2024\\\/12\\\/cropped-EDUVIC-1.png\",\"contentUrl\":\"https:\\\/\\\/eduvic.coop\\\/wp-content\\\/uploads\\\/2024\\\/12\\\/cropped-EDUVIC-1.png\",\"width\":4440,\"height\":1743,\"caption\":\"EDUVIC\"},\"image\":{\"@id\":\"https:\\\/\\\/eduvic.coop\\\/es\\\/#\\\/schema\\\/logo\\\/image\\\/\"}}]}<\/script>\n<!-- \/ Yoast SEO plugin. -->","yoast_head_json":{"title":"Modelos - EDUVIC","description":"Descobreix els Models Marc d\u2019Intervenci\u00f3 d\u2019EDUVIC: una metodologia basada en l\u2019experi\u00e8ncia, la millora cont\u00ednua i la reflexi\u00f3 professional.","robots":{"index":"index","follow":"follow","max-snippet":"max-snippet:-1","max-image-preview":"max-image-preview:large","max-video-preview":"max-video-preview:-1"},"canonical":"https:\/\/eduvic.coop\/es\/modelos\/","og_locale":"es_ES","og_type":"article","og_title":"Modelos - EDUVIC","og_description":"Descobreix els Models Marc d\u2019Intervenci\u00f3 d\u2019EDUVIC: una metodologia basada en l\u2019experi\u00e8ncia, la millora cont\u00ednua i la reflexi\u00f3 professional.","og_url":"https:\/\/eduvic.coop\/es\/modelos\/","og_site_name":"EDUVIC","article_modified_time":"2025-02-07T10:10:41+00:00","twitter_card":"summary_large_image","twitter_misc":{"Tiempo de lectura":"4 minutos"},"schema":{"@context":"https:\/\/schema.org","@graph":[{"@type":"WebPage","@id":"https:\/\/eduvic.coop\/es\/modelos\/","url":"https:\/\/eduvic.coop\/es\/modelos\/","name":"Modelos - EDUVIC","isPartOf":{"@id":"https:\/\/eduvic.coop\/es\/#website"},"datePublished":"2021-05-27T10:10:49+00:00","dateModified":"2025-02-07T10:10:41+00:00","description":"Descobreix els Models Marc d\u2019Intervenci\u00f3 d\u2019EDUVIC: una metodologia basada en l\u2019experi\u00e8ncia, la millora cont\u00ednua i la reflexi\u00f3 professional.","breadcrumb":{"@id":"https:\/\/eduvic.coop\/es\/modelos\/#breadcrumb"},"inLanguage":"es","potentialAction":[{"@type":"ReadAction","target":["https:\/\/eduvic.coop\/es\/modelos\/"]}]},{"@type":"BreadcrumbList","@id":"https:\/\/eduvic.coop\/es\/modelos\/#breadcrumb","itemListElement":[{"@type":"ListItem","position":1,"name":"Inici","item":"https:\/\/eduvic.coop\/es\/"},{"@type":"ListItem","position":2,"name":"Modelos"}]},{"@type":"WebSite","@id":"https:\/\/eduvic.coop\/es\/#website","url":"https:\/\/eduvic.coop\/es\/","name":"EDUVIC","description":"","publisher":{"@id":"https:\/\/eduvic.coop\/es\/#organization"},"potentialAction":[{"@type":"SearchAction","target":{"@type":"EntryPoint","urlTemplate":"https:\/\/eduvic.coop\/es\/?s={search_term_string}"},"query-input":{"@type":"PropertyValueSpecification","valueRequired":true,"valueName":"search_term_string"}}],"inLanguage":"es"},{"@type":"Organization","@id":"https:\/\/eduvic.coop\/es\/#organization","name":"EDUVIC","url":"https:\/\/eduvic.coop\/es\/","logo":{"@type":"ImageObject","inLanguage":"es","@id":"https:\/\/eduvic.coop\/es\/#\/schema\/logo\/image\/","url":"https:\/\/eduvic.coop\/wp-content\/uploads\/2024\/12\/cropped-EDUVIC-1.png","contentUrl":"https:\/\/eduvic.coop\/wp-content\/uploads\/2024\/12\/cropped-EDUVIC-1.png","width":4440,"height":1743,"caption":"EDUVIC"},"image":{"@id":"https:\/\/eduvic.coop\/es\/#\/schema\/logo\/image\/"}}]}},"_links":{"self":[{"href":"https:\/\/eduvic.coop\/es\/wp-json\/wp\/v2\/pages\/6304","targetHints":{"allow":["GET"]}}],"collection":[{"href":"https:\/\/eduvic.coop\/es\/wp-json\/wp\/v2\/pages"}],"about":[{"href":"https:\/\/eduvic.coop\/es\/wp-json\/wp\/v2\/types\/page"}],"author":[{"embeddable":true,"href":"https:\/\/eduvic.coop\/es\/wp-json\/wp\/v2\/users\/14"}],"replies":[{"embeddable":true,"href":"https:\/\/eduvic.coop\/es\/wp-json\/wp\/v2\/comments?post=6304"}],"version-history":[{"count":8,"href":"https:\/\/eduvic.coop\/es\/wp-json\/wp\/v2\/pages\/6304\/revisions"}],"predecessor-version":[{"id":9080,"href":"https:\/\/eduvic.coop\/es\/wp-json\/wp\/v2\/pages\/6304\/revisions\/9080"}],"wp:attachment":[{"href":"https:\/\/eduvic.coop\/es\/wp-json\/wp\/v2\/media?parent=6304"}],"curies":[{"name":"wp","href":"https:\/\/api.w.org\/{rel}","templated":true}]}}